{"id":309,"date":"2025-07-15T14:57:05","date_gmt":"2025-07-15T17:57:05","guid":{"rendered":"https:\/\/originalportas.com.br\/porta-corta-fogo-lp\/?page_id=309"},"modified":"2025-07-24T15:07:51","modified_gmt":"2025-07-24T18:07:51","slug":"porta-corta-fogo","status":"publish","type":"page","link":"https:\/\/originalportas.com.br\/porta-corta-fogo-lp\/","title":{"rendered":"Porta-Corta-Fogo"},"content":{"rendered":"\t\t<div data-elementor-type=\"wp-page\" data-elementor-id=\"309\" class=\"elementor elementor-309\" data-elementor-post-type=\"page\">\n\t\t\t\t\t\t<section class=\"elementor-section elementor-top-section elementor-element elementor-element-3ae83e10 elementor-section-boxed elementor-section-height-default elementor-section-height-default\" data-id=\"3ae83e10\" data-element_type=\"section\" data-settings=\"{&quot;background_background&quot;:&quot;classic&quot;}\">\n\t\t\t\t\t\t\t<div class=\"elementor-background-overlay\"><\/div>\n\t\t\t\t\t\t\t<div class=\"elementor-container elementor-column-gap-default\">\n\t\t\t\t\t<div class=\"elementor-column elementor-col-100 elementor-top-column elementor-element elementor-element-de61c6f\" data-id=\"de61c6f\" data-element_type=\"column\">\n\t\t\t<div class=\"elementor-widget-wrap elementor-element-populated\">\n\t\t\t\t\t\t<div class=\"elementor-element elementor-element-1ccdbc8f elementor-widget elementor-widget-image\" data-id=\"1ccdbc8f\" data-element_type=\"widget\" data-widget_type=\"image.default\">\n\t\t\t\t<div class=\"elementor-widget-container\">\n\t\t\t\t\t\t\t\t\t\t\t\t\t\t\t<img fetchpriority=\"high\" decoding=\"async\" width=\"2552\" height=\"1701\" src=\"https:\/\/originalportas.com.br\/porta-corta-fogo-lp\/wp-content\/uploads\/2025\/06\/Logomarca-Original-Vertical-CMYK-branca-1.png\" class=\"attachment-full size-full wp-image-45\" alt=\"\" srcset=\"https:\/\/originalportas.com.br\/porta-corta-fogo-lp\/wp-content\/uploads\/2025\/06\/Logomarca-Original-Vertical-CMYK-branca-1.png 2552w, https:\/\/originalportas.com.br\/porta-corta-fogo-lp\/wp-content\/uploads\/2025\/06\/Logomarca-Original-Vertical-CMYK-branca-1-300x200.png 300w, https:\/\/originalportas.com.br\/porta-corta-fogo-lp\/wp-content\/uploads\/2025\/06\/Logomarca-Original-Vertical-CMYK-branca-1-1024x683.png 1024w, https:\/\/originalportas.com.br\/porta-corta-fogo-lp\/wp-content\/uploads\/2025\/06\/Logomarca-Original-Vertical-CMYK-branca-1-768x512.png 768w, https:\/\/originalportas.com.br\/porta-corta-fogo-lp\/wp-content\/uploads\/2025\/06\/Logomarca-Original-Vertical-CMYK-branca-1-1536x1024.png 1536w, https:\/\/originalportas.com.br\/porta-corta-fogo-lp\/wp-content\/uploads\/2025\/06\/Logomarca-Original-Vertical-CMYK-branca-1-2048x1365.png 2048w\" sizes=\"(max-width: 2552px) 100vw, 2552px\" \/>\t\t\t\t\t\t\t\t\t\t\t\t\t\t\t<\/div>\n\t\t\t\t<\/div>\n\t\t\t\t<div class=\"elementor-element elementor-element-2c08f798 elementor-widget elementor-widget-heading\" data-id=\"2c08f798\" data-element_type=\"widget\" data-widget_type=\"heading.default\">\n\t\t\t\t<div class=\"elementor-widget-container\">\n\t\t\t\t\t<h1 class=\"elementor-heading-title elementor-size-default\">A MELHOR <span style=\"background:linear-gradient(90deg,#BF1515 50%,#D92D07 100%);padding:0 8px;border-radius:4px;color:#fff\">PORTA CORTA FOGO<\/span> DO MERCADO\n<\/h1>\t\t\t\t<\/div>\n\t\t\t\t<\/div>\n\t\t\t\t<section class=\"elementor-section elementor-inner-section elementor-element elementor-element-699d6509 elementor-section-boxed elementor-section-height-default elementor-section-height-default\" data-id=\"699d6509\" data-element_type=\"section\">\n\t\t\t\t\t\t<div class=\"elementor-container elementor-column-gap-default\">\n\t\t\t\t\t<div class=\"elementor-column elementor-col-33 elementor-inner-column elementor-element elementor-element-4a20166e elementor-hidden-mobile\" data-id=\"4a20166e\" data-element_type=\"column\">\n\t\t\t<div class=\"elementor-widget-wrap\">\n\t\t\t\t\t\t\t<\/div>\n\t\t<\/div>\n\t\t\t\t<div class=\"elementor-column elementor-col-33 elementor-inner-column elementor-element elementor-element-4244f45d\" data-id=\"4244f45d\" data-element_type=\"column\">\n\t\t\t<div class=\"elementor-widget-wrap elementor-element-populated\">\n\t\t\t\t\t\t<div class=\"elementor-element elementor-element-3fcab50e elementor-widget elementor-widget-video\" data-id=\"3fcab50e\" data-element_type=\"widget\" data-settings=\"{&quot;youtube_url&quot;:&quot;https:\\\/\\\/www.youtube.com\\\/watch?v=1JNUK-JohDw&amp;ab_channel=OriginalPortasBrasil&quot;,&quot;lazy_load&quot;:&quot;yes&quot;,&quot;autoplay&quot;:&quot;yes&quot;,&quot;play_on_mobile&quot;:&quot;yes&quot;,&quot;video_type&quot;:&quot;youtube&quot;}\" data-widget_type=\"video.default\">\n\t\t\t\t<div class=\"elementor-widget-container\">\n\t\t\t\t\t\t\t<div class=\"elementor-wrapper elementor-open-inline\">\n\t\t\t<div class=\"elementor-video\"><\/div>\t\t<\/div>\n\t\t\t\t\t\t<\/div>\n\t\t\t\t<\/div>\n\t\t\t\t\t<\/div>\n\t\t<\/div>\n\t\t\t\t<div class=\"elementor-column elementor-col-33 elementor-inner-column elementor-element elementor-element-64bd8000 elementor-hidden-mobile\" data-id=\"64bd8000\" data-element_type=\"column\">\n\t\t\t<div class=\"elementor-widget-wrap\">\n\t\t\t\t\t\t\t<\/div>\n\t\t<\/div>\n\t\t\t\t\t<\/div>\n\t\t<\/section>\n\t\t\t\t<div class=\"elementor-element elementor-element-349a4d7f elementor-align-center elementor-widget elementor-widget-button\" data-id=\"349a4d7f\" data-element_type=\"widget\" data-settings=\"{&quot;motion_fx_motion_fx_mouse&quot;:&quot;yes&quot;,&quot;motion_fx_tilt_effect&quot;:&quot;yes&quot;,&quot;motion_fx_tilt_speed&quot;:{&quot;unit&quot;:&quot;px&quot;,&quot;size&quot;:2.5,&quot;sizes&quot;:[]}}\" data-widget_type=\"button.default\">\n\t\t\t\t<div class=\"elementor-widget-container\">\n\t\t\t\t\t\t\t\t\t<div class=\"elementor-button-wrapper\">\n\t\t\t\t\t<a class=\"elementor-button elementor-button-link elementor-size-md\" href=\"https:\/\/originalportas.com.br\/porta-corta-fogo-lp\/#form\">\n\t\t\t\t\t\t<span class=\"elementor-button-content-wrapper\">\n\t\t\t\t\t\t\t\t\t<span class=\"elementor-button-text\">CLIQUE PARA SOLICITAR UM OR\u00c7AMENTO<\/span>\n\t\t\t\t\t<\/span>\n\t\t\t\t\t<\/a>\n\t\t\t\t<\/div>\n\t\t\t\t\t\t\t\t<\/div>\n\t\t\t\t<\/div>\n\t\t\t\t<section class=\"elementor-section elementor-inner-section elementor-element elementor-element-104949f6 elementor-section-boxed elementor-section-height-default elementor-section-height-default\" data-id=\"104949f6\" data-element_type=\"section\">\n\t\t\t\t\t\t<div class=\"elementor-container elementor-column-gap-default\">\n\t\t\t\t\t<div class=\"elementor-column elementor-col-50 elementor-inner-column elementor-element elementor-element-79a8721a\" data-id=\"79a8721a\" data-element_type=\"column\">\n\t\t\t<div class=\"elementor-widget-wrap elementor-element-populated\">\n\t\t\t\t\t\t<div class=\"elementor-element elementor-element-2b6f3f06 elementor-widget elementor-widget-image\" data-id=\"2b6f3f06\" data-element_type=\"widget\" data-widget_type=\"image.default\">\n\t\t\t\t<div class=\"elementor-widget-container\">\n\t\t\t\t\t\t\t\t\t\t\t\t\t\t\t<img decoding=\"async\" width=\"1336\" height=\"1336\" src=\"https:\/\/originalportas.com.br\/porta-corta-fogo-lp\/wp-content\/uploads\/2025\/07\/LP-Arte-O-que-e.png\" class=\"attachment-full size-full wp-image-139\" alt=\"\" srcset=\"https:\/\/originalportas.com.br\/porta-corta-fogo-lp\/wp-content\/uploads\/2025\/07\/LP-Arte-O-que-e.png 1336w, https:\/\/originalportas.com.br\/porta-corta-fogo-lp\/wp-content\/uploads\/2025\/07\/LP-Arte-O-que-e-300x300.png 300w, https:\/\/originalportas.com.br\/porta-corta-fogo-lp\/wp-content\/uploads\/2025\/07\/LP-Arte-O-que-e-1024x1024.png 1024w, https:\/\/originalportas.com.br\/porta-corta-fogo-lp\/wp-content\/uploads\/2025\/07\/LP-Arte-O-que-e-150x150.png 150w, https:\/\/originalportas.com.br\/porta-corta-fogo-lp\/wp-content\/uploads\/2025\/07\/LP-Arte-O-que-e-768x768.png 768w\" sizes=\"(max-width: 1336px) 100vw, 1336px\" \/>\t\t\t\t\t\t\t\t\t\t\t\t\t\t\t<\/div>\n\t\t\t\t<\/div>\n\t\t\t\t\t<\/div>\n\t\t<\/div>\n\t\t\t\t<div class=\"elementor-column elementor-col-50 elementor-inner-column elementor-element elementor-element-3765ea42\" data-id=\"3765ea42\" data-element_type=\"column\">\n\t\t\t<div class=\"elementor-widget-wrap elementor-element-populated\">\n\t\t\t\t\t\t<div class=\"elementor-element elementor-element-70715570 elementor-widget elementor-widget-text-editor\" data-id=\"70715570\" data-element_type=\"widget\" data-widget_type=\"text-editor.default\">\n\t\t\t\t<div class=\"elementor-widget-container\">\n\t\t\t\t\t\t\t\t\t<p>O QUE \u00c9 PORTA CORTA FOGO?<\/p>\t\t\t\t\t\t\t\t<\/div>\n\t\t\t\t<\/div>\n\t\t\t\t<div class=\"elementor-element elementor-element-1585c1e elementor-widget elementor-widget-text-editor\" data-id=\"1585c1e\" data-element_type=\"widget\" data-widget_type=\"text-editor.default\">\n\t\t\t\t<div class=\"elementor-widget-container\">\n\t\t\t\t\t\t\t\t\t<p>A porta corta fogo \u00e9 uma porta especial feita com materiais resistentes ao calor, usada para impedir que o fogo e a fuma\u00e7a se espalhem durante um inc\u00eandio. Ela \u00e9 instalada em rotas de fuga, como escadas e sa\u00eddas de emerg\u00eancia, ajudando a proteger as pessoas e facilitando a evacua\u00e7\u00e3o segura do local. No Brasil, essas portas devem seguir normas espec\u00edficas de seguran\u00e7a e ter certifica\u00e7\u00e3o do INMETRO para garantir sua efic\u00e1cia.<\/p>\t\t\t\t\t\t\t\t<\/div>\n\t\t\t\t<\/div>\n\t\t\t\t<div class=\"elementor-element elementor-element-5feaa26e elementor-align-center elementor-widget elementor-widget-button\" data-id=\"5feaa26e\" data-element_type=\"widget\" data-settings=\"{&quot;motion_fx_motion_fx_mouse&quot;:&quot;yes&quot;,&quot;motion_fx_tilt_effect&quot;:&quot;yes&quot;,&quot;motion_fx_tilt_speed&quot;:{&quot;unit&quot;:&quot;px&quot;,&quot;size&quot;:2.5,&quot;sizes&quot;:[]}}\" data-widget_type=\"button.default\">\n\t\t\t\t<div class=\"elementor-widget-container\">\n\t\t\t\t\t\t\t\t\t<div class=\"elementor-button-wrapper\">\n\t\t\t\t\t<a class=\"elementor-button elementor-button-link elementor-size-md\" href=\"https:\/\/originalportas.com.br\/porta-corta-fogo-lp\/#form\">\n\t\t\t\t\t\t<span class=\"elementor-button-content-wrapper\">\n\t\t\t\t\t\t\t\t\t<span class=\"elementor-button-text\">CLIQUE PARA SOLICITAR UM OR\u00c7AMENTO<\/span>\n\t\t\t\t\t<\/span>\n\t\t\t\t\t<\/a>\n\t\t\t\t<\/div>\n\t\t\t\t\t\t\t\t<\/div>\n\t\t\t\t<\/div>\n\t\t\t\t\t<\/div>\n\t\t<\/div>\n\t\t\t\t\t<\/div>\n\t\t<\/section>\n\t\t\t\t\t<\/div>\n\t\t<\/div>\n\t\t\t\t\t<\/div>\n\t\t<\/section>\n\t\t\t\t<section class=\"elementor-section elementor-top-section elementor-element elementor-element-6f077ec9 elementor-section-full_width elementor-section-height-default elementor-section-height-default\" data-id=\"6f077ec9\" data-element_type=\"section\" data-settings=\"{&quot;background_background&quot;:&quot;classic&quot;}\">\n\t\t\t\t\t\t\t<div class=\"elementor-background-overlay\"><\/div>\n\t\t\t\t\t\t\t<div class=\"elementor-container elementor-column-gap-no\">\n\t\t\t\t\t<div class=\"elementor-column elementor-col-100 elementor-top-column elementor-element elementor-element-61c82e3b\" data-id=\"61c82e3b\" data-element_type=\"column\">\n\t\t\t<div class=\"elementor-widget-wrap elementor-element-populated\">\n\t\t\t\t\t\t<section class=\"elementor-section elementor-inner-section elementor-element elementor-element-56d9903 elementor-section-full_width elementor-section-height-default elementor-section-height-default\" data-id=\"56d9903\" data-element_type=\"section\">\n\t\t\t\t\t\t<div class=\"elementor-container elementor-column-gap-no\">\n\t\t\t\t\t<div class=\"elementor-column elementor-col-50 elementor-inner-column elementor-element elementor-element-37bc481e\" data-id=\"37bc481e\" data-element_type=\"column\">\n\t\t\t<div class=\"elementor-widget-wrap\">\n\t\t\t\t\t\t\t<\/div>\n\t\t<\/div>\n\t\t\t\t<div class=\"elementor-column elementor-col-50 elementor-inner-column elementor-element elementor-element-734184a\" data-id=\"734184a\" data-element_type=\"column\">\n\t\t\t<div class=\"elementor-widget-wrap elementor-element-populated\">\n\t\t\t\t\t\t<div class=\"elementor-element elementor-element-5a0f9225 elementor-widget__width-initial elementor-widget elementor-widget-html\" data-id=\"5a0f9225\" data-element_type=\"widget\" data-widget_type=\"html.default\">\n\t\t\t\t<div class=\"elementor-widget-container\">\n\t\t\t\t\t<!DOCTYPE html>\r\n<html lang=\"pt-BR\">\r\n<head>\r\n  <meta charset=\"UTF-8\">\r\n  <title>Tr\u00eas Andares com Imagem e Texto<\/title>\r\n  <!-- Importando Montserrat peso 700 e 400 -->\r\n  <link href=\"https:\/\/fonts.googleapis.com\/css2?family=Montserrat:wght@400;700&display=swap\" rel=\"stylesheet\">\r\n  <style>\r\n    .andares-container {\r\n      width: 360px;\r\n      margin: 40px auto;\r\n      font-family: 'Montserrat', sans-serif;\r\n      border-radius: 10px;\r\n      box-shadow: 0 2px 8px #0001;\r\n      overflow: hidden;\r\n    }\r\n    .andar {\r\n      display: flex;\r\n      align-items: center;\r\n      padding: 16px 24px;\r\n    }\r\n    .andar img {\r\n      width: 60px;\r\n      height: 60px;\r\n      object-fit: cover;\r\n      border-radius: 8px;\r\n      margin-right: 18px;\r\n    }\r\n    .divisoria {\r\n      height: 2px;\r\n      background: #ffffff;\r\n      margin: 0 24px;\r\n    }\r\n    .andar-texto {\r\n      font-size: 0.9em;\r\n      color: #fff;\r\n      font-weight: 700; \/* Fonte mais grossa *\/\r\n    }\r\n    .fino {\r\n      font-weight: 400; \/* Texto mais fino *\/\r\n    }\r\n  <\/style>\r\n<\/head>\r\n<body>\r\n  <div class=\"andares-container\">\r\n    <div class=\"andar\">\r\n      <img decoding=\"async\" src=\"https:\/\/originalportas.com.br\/porta-corta-fogo-lp\/wp-content\/uploads\/2025\/07\/ico1-2.png\" alt=\"Imagem 1\">\r\n      <div class=\"andar-texto\">\r\n        Conten\u00e7\u00e3o do inc\u00eandio <br>\r\n        <span class=\"fino\">\r\n          Impede a propaga\u00e7\u00e3o do fogo e da fuma\u00e7a entre ambientes, aumentando o tempo para evacuar e controlar o inc\u00eandio.\r\n        <\/span>\r\n      <\/div>\r\n    <\/div>\r\n    <div class=\"divisoria\"><\/div>\r\n    <div class=\"andar\">\r\n      <img decoding=\"async\" src=\"https:\/\/originalportas.com.br\/porta-corta-fogo-lp\/wp-content\/uploads\/2025\/07\/ico2-2.png\" alt=\"Imagem 2\">\r\n      <div class=\"andar-texto\">\r\n        Seguran\u00e7a das pessoas <br>\r\n        <span class=\"fino\">\r\n          Protege rotas de fuga e d\u00e1 mais tempo para que todos saiam em seguran\u00e7a.\r\n        <\/span>\r\n      <\/div>\r\n    <\/div>\r\n    <div class=\"divisoria\"><\/div>\r\n    <div class=\"andar\">\r\n      <img decoding=\"async\" src=\"https:\/\/originalportas.com.br\/porta-corta-fogo-lp\/wp-content\/uploads\/2025\/07\/ico3.png\" alt=\"Imagem 3\">\r\n      <div class=\"andar-texto\">\r\n        Conformidade legal <br>\r\n        <span class=\"fino\">\r\n          Atende \u00e0s normas e exig\u00eancias de seguran\u00e7a contra inc\u00eandios, evitando multas e interdi\u00e7\u00f5es.\r\n        <\/span>\r\n      <\/div>\r\n    <\/div>\r\n  <\/div>\r\n<\/body>\r\n<\/html>\r\n\t\t\t\t<\/div>\n\t\t\t\t<\/div>\n\t\t\t\t<div class=\"elementor-element elementor-element-18fc7a62 elementor-align-center elementor-widget elementor-widget-button\" data-id=\"18fc7a62\" data-element_type=\"widget\" data-settings=\"{&quot;motion_fx_motion_fx_mouse&quot;:&quot;yes&quot;,&quot;motion_fx_tilt_effect&quot;:&quot;yes&quot;,&quot;motion_fx_tilt_speed&quot;:{&quot;unit&quot;:&quot;px&quot;,&quot;size&quot;:2.5,&quot;sizes&quot;:[]}}\" data-widget_type=\"button.default\">\n\t\t\t\t<div class=\"elementor-widget-container\">\n\t\t\t\t\t\t\t\t\t<div class=\"elementor-button-wrapper\">\n\t\t\t\t\t<a class=\"elementor-button elementor-button-link elementor-size-md\" href=\"https:\/\/originalportas.com.br\/porta-corta-fogo-lp\/#form\">\n\t\t\t\t\t\t<span class=\"elementor-button-content-wrapper\">\n\t\t\t\t\t\t\t\t\t<span class=\"elementor-button-text\">CLIQUE PARA SOLICITAR UM OR\u00c7AMENTO<\/span>\n\t\t\t\t\t<\/span>\n\t\t\t\t\t<\/a>\n\t\t\t\t<\/div>\n\t\t\t\t\t\t\t\t<\/div>\n\t\t\t\t<\/div>\n\t\t\t\t\t<\/div>\n\t\t<\/div>\n\t\t\t\t\t<\/div>\n\t\t<\/section>\n\t\t\t\t\t<\/div>\n\t\t<\/div>\n\t\t\t\t\t<\/div>\n\t\t<\/section>\n\t\t\t\t<section class=\"elementor-section elementor-top-section elementor-element elementor-element-5a4e5d7 elementor-section-full_width elementor-section-height-default elementor-section-height-default\" data-id=\"5a4e5d7\" data-element_type=\"section\" data-settings=\"{&quot;background_background&quot;:&quot;classic&quot;}\">\n\t\t\t\t\t\t\t<div class=\"elementor-background-overlay\"><\/div>\n\t\t\t\t\t\t\t<div class=\"elementor-container elementor-column-gap-no\">\n\t\t\t\t\t<div class=\"elementor-column elementor-col-100 elementor-top-column elementor-element elementor-element-56937fba\" data-id=\"56937fba\" data-element_type=\"column\">\n\t\t\t<div class=\"elementor-widget-wrap elementor-element-populated\">\n\t\t\t\t\t\t<div class=\"elementor-element elementor-element-7b0dd64a elementor-widget elementor-widget-heading\" data-id=\"7b0dd64a\" data-element_type=\"widget\" data-widget_type=\"heading.default\">\n\t\t\t\t<div class=\"elementor-widget-container\">\n\t\t\t\t\t<h1 class=\"elementor-heading-title elementor-size-default\">MODELOS DE PORTA CORTA FOGO<\/h1>\t\t\t\t<\/div>\n\t\t\t\t<\/div>\n\t\t\t\t<section class=\"elementor-section elementor-inner-section elementor-element elementor-element-d4de2ff elementor-reverse-tablet elementor-section-boxed elementor-section-height-default elementor-section-height-default\" data-id=\"d4de2ff\" data-element_type=\"section\">\n\t\t\t\t\t\t<div class=\"elementor-container elementor-column-gap-default\">\n\t\t\t\t\t<div class=\"elementor-column elementor-col-25 elementor-inner-column elementor-element elementor-element-1b4d805\" data-id=\"1b4d805\" data-element_type=\"column\">\n\t\t\t<div class=\"elementor-widget-wrap\">\n\t\t\t\t\t\t\t<\/div>\n\t\t<\/div>\n\t\t\t\t<div class=\"elementor-column elementor-col-25 elementor-inner-column elementor-element elementor-element-42993f6\" data-id=\"42993f6\" data-element_type=\"column\">\n\t\t\t<div class=\"elementor-widget-wrap elementor-element-populated\">\n\t\t\t\t\t\t<div class=\"elementor-element elementor-element-86791f3 elementor-widget elementor-widget-image\" data-id=\"86791f3\" data-element_type=\"widget\" data-widget_type=\"image.default\">\n\t\t\t\t<div class=\"elementor-widget-container\">\n\t\t\t\t\t\t\t\t\t\t\t\t\t\t\t<img decoding=\"async\" width=\"1682\" height=\"390\" src=\"https:\/\/originalportas.com.br\/porta-corta-fogo-lp\/wp-content\/uploads\/2025\/06\/modelo-p90.png\" class=\"attachment-full size-full wp-image-169\" alt=\"\" srcset=\"https:\/\/originalportas.com.br\/porta-corta-fogo-lp\/wp-content\/uploads\/2025\/06\/modelo-p90.png 1682w, https:\/\/originalportas.com.br\/porta-corta-fogo-lp\/wp-content\/uploads\/2025\/06\/modelo-p90-300x70.png 300w, https:\/\/originalportas.com.br\/porta-corta-fogo-lp\/wp-content\/uploads\/2025\/06\/modelo-p90-1024x237.png 1024w, https:\/\/originalportas.com.br\/porta-corta-fogo-lp\/wp-content\/uploads\/2025\/06\/modelo-p90-768x178.png 768w, https:\/\/originalportas.com.br\/porta-corta-fogo-lp\/wp-content\/uploads\/2025\/06\/modelo-p90-1536x356.png 1536w\" sizes=\"(max-width: 1682px) 100vw, 1682px\" \/>\t\t\t\t\t\t\t\t\t\t\t\t\t\t\t<\/div>\n\t\t\t\t<\/div>\n\t\t\t\t<div class=\"elementor-element elementor-element-40dec3a elementor-widget elementor-widget-text-editor\" data-id=\"40dec3a\" data-element_type=\"widget\" data-widget_type=\"text-editor.default\">\n\t\t\t\t<div class=\"elementor-widget-container\">\n\t\t\t\t\t\t\t\t\t<p>Porta corta fogo com resist\u00eancia de at\u00e9 90 minutos, ideal para escadas de emerg\u00eancia e rotas de fuga em pr\u00e9dios. Dispon\u00edvel nas vers\u00f5es simples (uma folha) ou dupla (duas folhas) para v\u00e3os maiores.<\/p>\t\t\t\t\t\t\t\t<\/div>\n\t\t\t\t<\/div>\n\t\t\t\t\t<\/div>\n\t\t<\/div>\n\t\t\t\t<div class=\"elementor-column elementor-col-25 elementor-inner-column elementor-element elementor-element-727943c\" data-id=\"727943c\" data-element_type=\"column\">\n\t\t\t<div class=\"elementor-widget-wrap elementor-element-populated\">\n\t\t\t\t\t\t<div class=\"elementor-element elementor-element-9fae875 elementor-arrows-position-inside elementor-widget elementor-widget-image-carousel\" data-id=\"9fae875\" data-element_type=\"widget\" data-settings=\"{&quot;slides_to_show&quot;:&quot;1&quot;,&quot;navigation&quot;:&quot;arrows&quot;,&quot;infinite&quot;:&quot;yes&quot;,&quot;effect&quot;:&quot;slide&quot;,&quot;speed&quot;:500}\" data-widget_type=\"image-carousel.default\">\n\t\t\t\t<div class=\"elementor-widget-container\">\n\t\t\t\t\t\t\t<div class=\"elementor-image-carousel-wrapper swiper\" role=\"region\" aria-roledescription=\"carousel\" aria-label=\"Carrossel de imagens\" dir=\"ltr\">\n\t\t\t<div class=\"elementor-image-carousel swiper-wrapper\" aria-live=\"polite\">\n\t\t\t\t\t\t\t\t<div class=\"swiper-slide\" role=\"group\" aria-roledescription=\"slide\" aria-label=\"1 de 2\"><figure class=\"swiper-slide-inner\"><img decoding=\"async\" class=\"swiper-slide-image\" src=\"https:\/\/originalportas.com.br\/porta-corta-fogo-lp\/wp-content\/uploads\/2025\/07\/lp-p90-simples-300x300.png\" alt=\"lp p90 simples\" \/><\/figure><\/div><div class=\"swiper-slide\" role=\"group\" aria-roledescription=\"slide\" aria-label=\"2 de 2\"><figure class=\"swiper-slide-inner\"><img decoding=\"async\" class=\"swiper-slide-image\" src=\"https:\/\/originalportas.com.br\/porta-corta-fogo-lp\/wp-content\/uploads\/2025\/07\/lp-p90-dupla-300x300.png\" alt=\"lp p90 dupla\" \/><\/figure><\/div>\t\t\t<\/div>\n\t\t\t\t\t\t\t\t\t\t\t\t<div class=\"elementor-swiper-button elementor-swiper-button-prev\" role=\"button\" tabindex=\"0\">\n\t\t\t\t\t\t<svg aria-hidden=\"true\" class=\"e-font-icon-svg e-eicon-chevron-left\" viewBox=\"0 0 1000 1000\" xmlns=\"http:\/\/www.w3.org\/2000\/svg\"><path d=\"M646 125C629 125 613 133 604 142L308 442C296 454 292 471 292 487 292 504 296 521 308 533L604 854C617 867 629 875 646 875 663 875 679 871 692 858 704 846 713 829 713 812 713 796 708 779 692 767L438 487 692 225C700 217 708 204 708 187 708 171 704 154 692 142 675 129 663 125 646 125Z\"><\/path><\/svg>\t\t\t\t\t<\/div>\n\t\t\t\t\t<div class=\"elementor-swiper-button elementor-swiper-button-next\" role=\"button\" tabindex=\"0\">\n\t\t\t\t\t\t<svg aria-hidden=\"true\" class=\"e-font-icon-svg e-eicon-chevron-right\" viewBox=\"0 0 1000 1000\" xmlns=\"http:\/\/www.w3.org\/2000\/svg\"><path d=\"M696 533C708 521 713 504 713 487 713 471 708 454 696 446L400 146C388 133 375 125 354 125 338 125 325 129 313 142 300 154 292 171 292 187 292 204 296 221 308 233L563 492 304 771C292 783 288 800 288 817 288 833 296 850 308 863 321 871 338 875 354 875 371 875 388 867 400 854L696 533Z\"><\/path><\/svg>\t\t\t\t\t<\/div>\n\t\t\t\t\n\t\t\t\t\t\t\t\t\t<\/div>\n\t\t\t\t\t\t<\/div>\n\t\t\t\t<\/div>\n\t\t\t\t\t<\/div>\n\t\t<\/div>\n\t\t\t\t<div class=\"elementor-column elementor-col-25 elementor-inner-column elementor-element elementor-element-155093f\" data-id=\"155093f\" data-element_type=\"column\">\n\t\t\t<div class=\"elementor-widget-wrap\">\n\t\t\t\t\t\t\t<\/div>\n\t\t<\/div>\n\t\t\t\t\t<\/div>\n\t\t<\/section>\n\t\t\t\t<section class=\"elementor-section elementor-inner-section elementor-element elementor-element-5563d74 elementor-reverse-tablet elementor-reverse-mobile elementor-section-boxed elementor-section-height-default elementor-section-height-default\" data-id=\"5563d74\" data-element_type=\"section\">\n\t\t\t\t\t\t<div class=\"elementor-container elementor-column-gap-default\">\n\t\t\t\t\t<div class=\"elementor-column elementor-col-25 elementor-inner-column elementor-element elementor-element-945103d\" data-id=\"945103d\" data-element_type=\"column\">\n\t\t\t<div class=\"elementor-widget-wrap\">\n\t\t\t\t\t\t\t<\/div>\n\t\t<\/div>\n\t\t\t\t<div class=\"elementor-column elementor-col-25 elementor-inner-column elementor-element elementor-element-6d4167c\" data-id=\"6d4167c\" data-element_type=\"column\">\n\t\t\t<div class=\"elementor-widget-wrap elementor-element-populated\">\n\t\t\t\t\t\t<div class=\"elementor-element elementor-element-d39a5c7 elementor-arrows-position-inside elementor-widget elementor-widget-image-carousel\" data-id=\"d39a5c7\" data-element_type=\"widget\" data-settings=\"{&quot;slides_to_show&quot;:&quot;1&quot;,&quot;navigation&quot;:&quot;arrows&quot;,&quot;infinite&quot;:&quot;yes&quot;,&quot;effect&quot;:&quot;slide&quot;,&quot;speed&quot;:500}\" data-widget_type=\"image-carousel.default\">\n\t\t\t\t<div class=\"elementor-widget-container\">\n\t\t\t\t\t\t\t<div class=\"elementor-image-carousel-wrapper swiper\" role=\"region\" aria-roledescription=\"carousel\" aria-label=\"Carrossel de imagens\" dir=\"ltr\">\n\t\t\t<div class=\"elementor-image-carousel swiper-wrapper\" aria-live=\"polite\">\n\t\t\t\t\t\t\t\t<div class=\"swiper-slide\" role=\"group\" aria-roledescription=\"slide\" aria-label=\"1 de 2\"><figure class=\"swiper-slide-inner\"><img decoding=\"async\" class=\"swiper-slide-image\" src=\"https:\/\/originalportas.com.br\/porta-corta-fogo-lp\/wp-content\/uploads\/2025\/07\/lp-P120-simples-300x300.png\" alt=\"lp P120 simples\" \/><\/figure><\/div><div class=\"swiper-slide\" role=\"group\" aria-roledescription=\"slide\" aria-label=\"2 de 2\"><figure class=\"swiper-slide-inner\"><img decoding=\"async\" class=\"swiper-slide-image\" src=\"https:\/\/originalportas.com.br\/porta-corta-fogo-lp\/wp-content\/uploads\/2025\/07\/lp-p120-dupla-300x300.png\" alt=\"lp p120 dupla\" \/><\/figure><\/div>\t\t\t<\/div>\n\t\t\t\t\t\t\t\t\t\t\t\t<div class=\"elementor-swiper-button elementor-swiper-button-prev\" role=\"button\" tabindex=\"0\">\n\t\t\t\t\t\t<svg aria-hidden=\"true\" class=\"e-font-icon-svg e-eicon-chevron-left\" viewBox=\"0 0 1000 1000\" xmlns=\"http:\/\/www.w3.org\/2000\/svg\"><path d=\"M646 125C629 125 613 133 604 142L308 442C296 454 292 471 292 487 292 504 296 521 308 533L604 854C617 867 629 875 646 875 663 875 679 871 692 858 704 846 713 829 713 812 713 796 708 779 692 767L438 487 692 225C700 217 708 204 708 187 708 171 704 154 692 142 675 129 663 125 646 125Z\"><\/path><\/svg>\t\t\t\t\t<\/div>\n\t\t\t\t\t<div class=\"elementor-swiper-button elementor-swiper-button-next\" role=\"button\" tabindex=\"0\">\n\t\t\t\t\t\t<svg aria-hidden=\"true\" class=\"e-font-icon-svg e-eicon-chevron-right\" viewBox=\"0 0 1000 1000\" xmlns=\"http:\/\/www.w3.org\/2000\/svg\"><path d=\"M696 533C708 521 713 504 713 487 713 471 708 454 696 446L400 146C388 133 375 125 354 125 338 125 325 129 313 142 300 154 292 171 292 187 292 204 296 221 308 233L563 492 304 771C292 783 288 800 288 817 288 833 296 850 308 863 321 871 338 875 354 875 371 875 388 867 400 854L696 533Z\"><\/path><\/svg>\t\t\t\t\t<\/div>\n\t\t\t\t\n\t\t\t\t\t\t\t\t\t<\/div>\n\t\t\t\t\t\t<\/div>\n\t\t\t\t<\/div>\n\t\t\t\t\t<\/div>\n\t\t<\/div>\n\t\t\t\t<div class=\"elementor-column elementor-col-25 elementor-inner-column elementor-element elementor-element-c125640\" data-id=\"c125640\" data-element_type=\"column\">\n\t\t\t<div class=\"elementor-widget-wrap elementor-element-populated\">\n\t\t\t\t\t\t<div class=\"elementor-element elementor-element-c0ae573 elementor-widget elementor-widget-image\" data-id=\"c0ae573\" data-element_type=\"widget\" data-widget_type=\"image.default\">\n\t\t\t\t<div class=\"elementor-widget-container\">\n\t\t\t\t\t\t\t\t\t\t\t\t\t\t\t<img loading=\"lazy\" decoding=\"async\" width=\"1682\" height=\"390\" src=\"https:\/\/originalportas.com.br\/porta-corta-fogo-lp\/wp-content\/uploads\/2025\/06\/modelo-p120.png\" class=\"attachment-full size-full wp-image-167\" alt=\"\" srcset=\"https:\/\/originalportas.com.br\/porta-corta-fogo-lp\/wp-content\/uploads\/2025\/06\/modelo-p120.png 1682w, https:\/\/originalportas.com.br\/porta-corta-fogo-lp\/wp-content\/uploads\/2025\/06\/modelo-p120-300x70.png 300w, https:\/\/originalportas.com.br\/porta-corta-fogo-lp\/wp-content\/uploads\/2025\/06\/modelo-p120-1024x237.png 1024w, https:\/\/originalportas.com.br\/porta-corta-fogo-lp\/wp-content\/uploads\/2025\/06\/modelo-p120-768x178.png 768w, https:\/\/originalportas.com.br\/porta-corta-fogo-lp\/wp-content\/uploads\/2025\/06\/modelo-p120-1536x356.png 1536w\" sizes=\"(max-width: 1682px) 100vw, 1682px\" \/>\t\t\t\t\t\t\t\t\t\t\t\t\t\t\t<\/div>\n\t\t\t\t<\/div>\n\t\t\t\t<div class=\"elementor-element elementor-element-8516989 elementor-widget elementor-widget-text-editor\" data-id=\"8516989\" data-element_type=\"widget\" data-widget_type=\"text-editor.default\">\n\t\t\t\t<div class=\"elementor-widget-container\">\n\t\t\t\t\t\t\t\t\t<p>Modelo com prote\u00e7\u00e3o contra fogo por at\u00e9 120 minutos, indicada para \u00e1reas t\u00e9cnicas e locais com maior risco. Dispon\u00edvel nas vers\u00f5es simples (uma folha) ou dupla (duas folhas) para v\u00e3os maiores.<\/p>\t\t\t\t\t\t\t\t<\/div>\n\t\t\t\t<\/div>\n\t\t\t\t\t<\/div>\n\t\t<\/div>\n\t\t\t\t<div class=\"elementor-column elementor-col-25 elementor-inner-column elementor-element elementor-element-e973cea\" data-id=\"e973cea\" data-element_type=\"column\">\n\t\t\t<div class=\"elementor-widget-wrap\">\n\t\t\t\t\t\t\t<\/div>\n\t\t<\/div>\n\t\t\t\t\t<\/div>\n\t\t<\/section>\n\t\t\t\t<section class=\"elementor-section elementor-inner-section elementor-element elementor-element-cb8d72b elementor-reverse-tablet elementor-section-boxed elementor-section-height-default elementor-section-height-default\" data-id=\"cb8d72b\" data-element_type=\"section\">\n\t\t\t\t\t\t<div class=\"elementor-container elementor-column-gap-default\">\n\t\t\t\t\t<div class=\"elementor-column elementor-col-25 elementor-inner-column elementor-element elementor-element-8e91467\" data-id=\"8e91467\" data-element_type=\"column\">\n\t\t\t<div class=\"elementor-widget-wrap\">\n\t\t\t\t\t\t\t<\/div>\n\t\t<\/div>\n\t\t\t\t<div class=\"elementor-column elementor-col-25 elementor-inner-column elementor-element elementor-element-9e907fb\" data-id=\"9e907fb\" data-element_type=\"column\">\n\t\t\t<div class=\"elementor-widget-wrap elementor-element-populated\">\n\t\t\t\t\t\t<div class=\"elementor-element elementor-element-2ba856f elementor-widget elementor-widget-image\" data-id=\"2ba856f\" data-element_type=\"widget\" data-widget_type=\"image.default\">\n\t\t\t\t<div class=\"elementor-widget-container\">\n\t\t\t\t\t\t\t\t\t\t\t\t\t\t\t<img loading=\"lazy\" decoding=\"async\" width=\"1682\" height=\"390\" src=\"https:\/\/originalportas.com.br\/porta-corta-fogo-lp\/wp-content\/uploads\/2025\/06\/modelo-p240.png\" class=\"attachment-full size-full wp-image-171\" alt=\"\" srcset=\"https:\/\/originalportas.com.br\/porta-corta-fogo-lp\/wp-content\/uploads\/2025\/06\/modelo-p240.png 1682w, https:\/\/originalportas.com.br\/porta-corta-fogo-lp\/wp-content\/uploads\/2025\/06\/modelo-p240-300x70.png 300w, https:\/\/originalportas.com.br\/porta-corta-fogo-lp\/wp-content\/uploads\/2025\/06\/modelo-p240-1024x237.png 1024w, https:\/\/originalportas.com.br\/porta-corta-fogo-lp\/wp-content\/uploads\/2025\/06\/modelo-p240-768x178.png 768w, https:\/\/originalportas.com.br\/porta-corta-fogo-lp\/wp-content\/uploads\/2025\/06\/modelo-p240-1536x356.png 1536w\" sizes=\"(max-width: 1682px) 100vw, 1682px\" \/>\t\t\t\t\t\t\t\t\t\t\t\t\t\t\t<\/div>\n\t\t\t\t<\/div>\n\t\t\t\t<div class=\"elementor-element elementor-element-6954693 elementor-widget elementor-widget-text-editor\" data-id=\"6954693\" data-element_type=\"widget\" data-widget_type=\"text-editor.default\">\n\t\t\t\t<div class=\"elementor-widget-container\">\n\t\t\t\t\t\t\t\t\t<p>Porta corta fogo que resiste ao fogo por at\u00e9 240 minutos. Pode ser do tipo de abrir ou correr lateralmente. Muito usada em \u00e1reas industriais e grandes espa\u00e7os com alta carga de inc\u00eandio.<\/p>\t\t\t\t\t\t\t\t<\/div>\n\t\t\t\t<\/div>\n\t\t\t\t\t<\/div>\n\t\t<\/div>\n\t\t\t\t<div class=\"elementor-column elementor-col-25 elementor-inner-column elementor-element elementor-element-75a044e\" data-id=\"75a044e\" data-element_type=\"column\">\n\t\t\t<div class=\"elementor-widget-wrap elementor-element-populated\">\n\t\t\t\t\t\t<div class=\"elementor-element elementor-element-f7ed47d elementor-arrows-position-inside elementor-widget elementor-widget-image-carousel\" data-id=\"f7ed47d\" data-element_type=\"widget\" data-settings=\"{&quot;slides_to_show&quot;:&quot;1&quot;,&quot;navigation&quot;:&quot;arrows&quot;,&quot;infinite&quot;:&quot;yes&quot;,&quot;effect&quot;:&quot;slide&quot;,&quot;speed&quot;:500}\" data-widget_type=\"image-carousel.default\">\n\t\t\t\t<div class=\"elementor-widget-container\">\n\t\t\t\t\t\t\t<div class=\"elementor-image-carousel-wrapper swiper\" role=\"region\" aria-roledescription=\"carousel\" aria-label=\"Carrossel de imagens\" dir=\"ltr\">\n\t\t\t<div class=\"elementor-image-carousel swiper-wrapper\" aria-live=\"polite\">\n\t\t\t\t\t\t\t\t<div class=\"swiper-slide\" role=\"group\" aria-roledescription=\"slide\" aria-label=\"1 de 2\"><figure class=\"swiper-slide-inner\"><img decoding=\"async\" class=\"swiper-slide-image\" src=\"https:\/\/originalportas.com.br\/porta-corta-fogo-lp\/wp-content\/uploads\/2025\/07\/lp-P240-abrir-300x300.png\" alt=\"lp P240 abrir\" \/><\/figure><\/div><div class=\"swiper-slide\" role=\"group\" aria-roledescription=\"slide\" aria-label=\"2 de 2\"><figure class=\"swiper-slide-inner\"><img decoding=\"async\" class=\"swiper-slide-image\" src=\"https:\/\/originalportas.com.br\/porta-corta-fogo-lp\/wp-content\/uploads\/2025\/07\/lp-P240-deslizar-300x300.png\" alt=\"lp P240 deslizar\" \/><\/figure><\/div>\t\t\t<\/div>\n\t\t\t\t\t\t\t\t\t\t\t\t<div class=\"elementor-swiper-button elementor-swiper-button-prev\" role=\"button\" tabindex=\"0\">\n\t\t\t\t\t\t<svg aria-hidden=\"true\" class=\"e-font-icon-svg e-eicon-chevron-left\" viewBox=\"0 0 1000 1000\" xmlns=\"http:\/\/www.w3.org\/2000\/svg\"><path d=\"M646 125C629 125 613 133 604 142L308 442C296 454 292 471 292 487 292 504 296 521 308 533L604 854C617 867 629 875 646 875 663 875 679 871 692 858 704 846 713 829 713 812 713 796 708 779 692 767L438 487 692 225C700 217 708 204 708 187 708 171 704 154 692 142 675 129 663 125 646 125Z\"><\/path><\/svg>\t\t\t\t\t<\/div>\n\t\t\t\t\t<div class=\"elementor-swiper-button elementor-swiper-button-next\" role=\"button\" tabindex=\"0\">\n\t\t\t\t\t\t<svg aria-hidden=\"true\" class=\"e-font-icon-svg e-eicon-chevron-right\" viewBox=\"0 0 1000 1000\" xmlns=\"http:\/\/www.w3.org\/2000\/svg\"><path d=\"M696 533C708 521 713 504 713 487 713 471 708 454 696 446L400 146C388 133 375 125 354 125 338 125 325 129 313 142 300 154 292 171 292 187 292 204 296 221 308 233L563 492 304 771C292 783 288 800 288 817 288 833 296 850 308 863 321 871 338 875 354 875 371 875 388 867 400 854L696 533Z\"><\/path><\/svg>\t\t\t\t\t<\/div>\n\t\t\t\t\n\t\t\t\t\t\t\t\t\t<\/div>\n\t\t\t\t\t\t<\/div>\n\t\t\t\t<\/div>\n\t\t\t\t\t<\/div>\n\t\t<\/div>\n\t\t\t\t<div class=\"elementor-column elementor-col-25 elementor-inner-column elementor-element elementor-element-85e0440\" data-id=\"85e0440\" data-element_type=\"column\">\n\t\t\t<div class=\"elementor-widget-wrap\">\n\t\t\t\t\t\t\t<\/div>\n\t\t<\/div>\n\t\t\t\t\t<\/div>\n\t\t<\/section>\n\t\t\t\t<section class=\"elementor-section elementor-inner-section elementor-element elementor-element-ff4ab98 elementor-reverse-tablet elementor-reverse-mobile elementor-section-boxed elementor-section-height-default elementor-section-height-default\" data-id=\"ff4ab98\" data-element_type=\"section\">\n\t\t\t\t\t\t<div class=\"elementor-container elementor-column-gap-default\">\n\t\t\t\t\t<div class=\"elementor-column elementor-col-25 elementor-inner-column elementor-element elementor-element-334bdae\" data-id=\"334bdae\" data-element_type=\"column\">\n\t\t\t<div class=\"elementor-widget-wrap\">\n\t\t\t\t\t\t\t<\/div>\n\t\t<\/div>\n\t\t\t\t<div class=\"elementor-column elementor-col-25 elementor-inner-column elementor-element elementor-element-3ab129b\" data-id=\"3ab129b\" data-element_type=\"column\">\n\t\t\t<div class=\"elementor-widget-wrap elementor-element-populated\">\n\t\t\t\t\t\t<div class=\"elementor-element elementor-element-2f4fdaa elementor-arrows-position-inside elementor-widget elementor-widget-image-carousel\" data-id=\"2f4fdaa\" data-element_type=\"widget\" data-settings=\"{&quot;slides_to_show&quot;:&quot;1&quot;,&quot;navigation&quot;:&quot;arrows&quot;,&quot;infinite&quot;:&quot;yes&quot;,&quot;effect&quot;:&quot;slide&quot;,&quot;speed&quot;:500}\" data-widget_type=\"image-carousel.default\">\n\t\t\t\t<div class=\"elementor-widget-container\">\n\t\t\t\t\t\t\t<div class=\"elementor-image-carousel-wrapper swiper\" role=\"region\" aria-roledescription=\"carousel\" aria-label=\"Carrossel de imagens\" dir=\"ltr\">\n\t\t\t<div class=\"elementor-image-carousel swiper-wrapper\" aria-live=\"polite\">\n\t\t\t\t\t\t\t\t<div class=\"swiper-slide\" role=\"group\" aria-roledescription=\"slide\" aria-label=\"1 de 1\"><figure class=\"swiper-slide-inner\"><img decoding=\"async\" class=\"swiper-slide-image\" src=\"https:\/\/originalportas.com.br\/porta-corta-fogo-lp\/wp-content\/uploads\/2025\/07\/lp-PCF-Enrolar-300x300.png\" alt=\"lp PCF Enrolar\" \/><\/figure><\/div>\t\t\t<\/div>\n\t\t\t\t\t<\/div>\n\t\t\t\t\t\t<\/div>\n\t\t\t\t<\/div>\n\t\t\t\t\t<\/div>\n\t\t<\/div>\n\t\t\t\t<div class=\"elementor-column elementor-col-25 elementor-inner-column elementor-element elementor-element-210fc5d\" data-id=\"210fc5d\" data-element_type=\"column\">\n\t\t\t<div class=\"elementor-widget-wrap elementor-element-populated\">\n\t\t\t\t\t\t<div class=\"elementor-element elementor-element-6822feb elementor-widget elementor-widget-image\" data-id=\"6822feb\" data-element_type=\"widget\" data-widget_type=\"image.default\">\n\t\t\t\t<div class=\"elementor-widget-container\">\n\t\t\t\t\t\t\t\t\t\t\t\t\t\t\t<img loading=\"lazy\" decoding=\"async\" width=\"1682\" height=\"390\" src=\"https:\/\/originalportas.com.br\/porta-corta-fogo-lp\/wp-content\/uploads\/2025\/06\/modelo-p280.png\" class=\"attachment-full size-full wp-image-170\" alt=\"\" srcset=\"https:\/\/originalportas.com.br\/porta-corta-fogo-lp\/wp-content\/uploads\/2025\/06\/modelo-p280.png 1682w, https:\/\/originalportas.com.br\/porta-corta-fogo-lp\/wp-content\/uploads\/2025\/06\/modelo-p280-300x70.png 300w, https:\/\/originalportas.com.br\/porta-corta-fogo-lp\/wp-content\/uploads\/2025\/06\/modelo-p280-1024x237.png 1024w, https:\/\/originalportas.com.br\/porta-corta-fogo-lp\/wp-content\/uploads\/2025\/06\/modelo-p280-768x178.png 768w, https:\/\/originalportas.com.br\/porta-corta-fogo-lp\/wp-content\/uploads\/2025\/06\/modelo-p280-1536x356.png 1536w\" sizes=\"(max-width: 1682px) 100vw, 1682px\" \/>\t\t\t\t\t\t\t\t\t\t\t\t\t\t\t<\/div>\n\t\t\t\t<\/div>\n\t\t\t\t<div class=\"elementor-element elementor-element-4753858 elementor-widget elementor-widget-text-editor\" data-id=\"4753858\" data-element_type=\"widget\" data-widget_type=\"text-editor.default\">\n\t\t\t\t<div class=\"elementor-widget-container\">\n\t\t\t\t\t\t\t\t\t<p>Porta met\u00e1lica autom\u00e1tica que fecha sozinha em caso de inc\u00eandio, com resist\u00eancia ao fogo de at\u00e9 280 minutos. Ideal para compartimentar grandes \u00e1reas, como galp\u00f5es e f\u00e1bricas.<\/p>\t\t\t\t\t\t\t\t<\/div>\n\t\t\t\t<\/div>\n\t\t\t\t\t<\/div>\n\t\t<\/div>\n\t\t\t\t<div class=\"elementor-column elementor-col-25 elementor-inner-column elementor-element elementor-element-4fba68b\" data-id=\"4fba68b\" data-element_type=\"column\">\n\t\t\t<div class=\"elementor-widget-wrap\">\n\t\t\t\t\t\t\t<\/div>\n\t\t<\/div>\n\t\t\t\t\t<\/div>\n\t\t<\/section>\n\t\t\t\t<section class=\"elementor-section elementor-inner-section elementor-element elementor-element-ef19282 elementor-section-full_width elementor-section-height-default elementor-section-height-default\" data-id=\"ef19282\" data-element_type=\"section\">\n\t\t\t\t\t\t<div class=\"elementor-container elementor-column-gap-no\">\n\t\t\t\t\t<div class=\"elementor-column elementor-col-25 elementor-inner-column elementor-element elementor-element-6c84d47e\" data-id=\"6c84d47e\" data-element_type=\"column\" id=\"1\">\n\t\t\t<div class=\"elementor-widget-wrap elementor-element-populated\">\n\t\t\t\t\t\t<div class=\"elementor-element elementor-element-7646d1e elementor-widget elementor-widget-image\" data-id=\"7646d1e\" data-element_type=\"widget\" data-widget_type=\"image.default\">\n\t\t\t\t<div class=\"elementor-widget-container\">\n\t\t\t\t\t\t\t\t\t\t\t\t\t\t\t<img loading=\"lazy\" decoding=\"async\" width=\"1080\" height=\"1440\" src=\"https:\/\/originalportas.com.br\/porta-corta-fogo-lp\/wp-content\/uploads\/2025\/06\/cartao1-1.png\" class=\"elementor-animation-grow attachment-full size-full wp-image-154\" alt=\"\" srcset=\"https:\/\/originalportas.com.br\/porta-corta-fogo-lp\/wp-content\/uploads\/2025\/06\/cartao1-1.png 1080w, https:\/\/originalportas.com.br\/porta-corta-fogo-lp\/wp-content\/uploads\/2025\/06\/cartao1-1-225x300.png 225w, https:\/\/originalportas.com.br\/porta-corta-fogo-lp\/wp-content\/uploads\/2025\/06\/cartao1-1-768x1024.png 768w\" sizes=\"(max-width: 1080px) 100vw, 1080px\" \/>\t\t\t\t\t\t\t\t\t\t\t\t\t\t\t<\/div>\n\t\t\t\t<\/div>\n\t\t\t\t\t<\/div>\n\t\t<\/div>\n\t\t\t\t<div class=\"elementor-column elementor-col-25 elementor-inner-column elementor-element elementor-element-511f7764\" data-id=\"511f7764\" data-element_type=\"column\" data-settings=\"{&quot;background_background&quot;:&quot;classic&quot;}\">\n\t\t\t<div class=\"elementor-widget-wrap elementor-element-populated\">\n\t\t\t\t\t\t<div class=\"elementor-element elementor-element-3a2d20a4 elementor-widget elementor-widget-image\" data-id=\"3a2d20a4\" data-element_type=\"widget\" data-widget_type=\"image.default\">\n\t\t\t\t<div class=\"elementor-widget-container\">\n\t\t\t\t\t\t\t\t\t\t\t\t\t\t\t<img loading=\"lazy\" decoding=\"async\" width=\"768\" height=\"1024\" src=\"https:\/\/originalportas.com.br\/porta-corta-fogo-lp\/wp-content\/uploads\/2025\/06\/cartao2-1-768x1024.png\" class=\"elementor-animation-grow attachment-large size-large wp-image-151\" alt=\"\" srcset=\"https:\/\/originalportas.com.br\/porta-corta-fogo-lp\/wp-content\/uploads\/2025\/06\/cartao2-1-768x1024.png 768w, https:\/\/originalportas.com.br\/porta-corta-fogo-lp\/wp-content\/uploads\/2025\/06\/cartao2-1-225x300.png 225w, https:\/\/originalportas.com.br\/porta-corta-fogo-lp\/wp-content\/uploads\/2025\/06\/cartao2-1.png 1080w\" sizes=\"(max-width: 768px) 100vw, 768px\" \/>\t\t\t\t\t\t\t\t\t\t\t\t\t\t\t<\/div>\n\t\t\t\t<\/div>\n\t\t\t\t\t<\/div>\n\t\t<\/div>\n\t\t\t\t<div class=\"elementor-column elementor-col-25 elementor-inner-column elementor-element elementor-element-9d494be\" data-id=\"9d494be\" data-element_type=\"column\" data-settings=\"{&quot;background_background&quot;:&quot;classic&quot;}\">\n\t\t\t<div class=\"elementor-widget-wrap elementor-element-populated\">\n\t\t\t\t\t\t<div class=\"elementor-element elementor-element-4a60eb61 elementor-widget elementor-widget-image\" data-id=\"4a60eb61\" data-element_type=\"widget\" data-widget_type=\"image.default\">\n\t\t\t\t<div class=\"elementor-widget-container\">\n\t\t\t\t\t\t\t\t\t\t\t\t\t\t\t<img loading=\"lazy\" decoding=\"async\" width=\"768\" height=\"1024\" src=\"https:\/\/originalportas.com.br\/porta-corta-fogo-lp\/wp-content\/uploads\/2025\/06\/cartao3-1-768x1024.png\" class=\"elementor-animation-grow attachment-large size-large wp-image-153\" alt=\"\" srcset=\"https:\/\/originalportas.com.br\/porta-corta-fogo-lp\/wp-content\/uploads\/2025\/06\/cartao3-1-768x1024.png 768w, https:\/\/originalportas.com.br\/porta-corta-fogo-lp\/wp-content\/uploads\/2025\/06\/cartao3-1-225x300.png 225w, https:\/\/originalportas.com.br\/porta-corta-fogo-lp\/wp-content\/uploads\/2025\/06\/cartao3-1.png 1080w\" sizes=\"(max-width: 768px) 100vw, 768px\" \/>\t\t\t\t\t\t\t\t\t\t\t\t\t\t\t<\/div>\n\t\t\t\t<\/div>\n\t\t\t\t\t<\/div>\n\t\t<\/div>\n\t\t\t\t<div class=\"elementor-column elementor-col-25 elementor-inner-column elementor-element elementor-element-61d6e6b9\" data-id=\"61d6e6b9\" data-element_type=\"column\" data-settings=\"{&quot;background_background&quot;:&quot;classic&quot;}\">\n\t\t\t<div class=\"elementor-widget-wrap elementor-element-populated\">\n\t\t\t\t\t\t<div class=\"elementor-element elementor-element-17627fac elementor-widget elementor-widget-image\" data-id=\"17627fac\" data-element_type=\"widget\" data-widget_type=\"image.default\">\n\t\t\t\t<div class=\"elementor-widget-container\">\n\t\t\t\t\t\t\t\t\t\t\t\t\t\t\t<img loading=\"lazy\" decoding=\"async\" width=\"1080\" height=\"1440\" src=\"https:\/\/originalportas.com.br\/porta-corta-fogo-lp\/wp-content\/uploads\/2025\/06\/cartao4-1.png\" class=\"elementor-animation-grow attachment-full size-full wp-image-155\" alt=\"\" srcset=\"https:\/\/originalportas.com.br\/porta-corta-fogo-lp\/wp-content\/uploads\/2025\/06\/cartao4-1.png 1080w, https:\/\/originalportas.com.br\/porta-corta-fogo-lp\/wp-content\/uploads\/2025\/06\/cartao4-1-225x300.png 225w, https:\/\/originalportas.com.br\/porta-corta-fogo-lp\/wp-content\/uploads\/2025\/06\/cartao4-1-768x1024.png 768w\" sizes=\"(max-width: 1080px) 100vw, 1080px\" \/>\t\t\t\t\t\t\t\t\t\t\t\t\t\t\t<\/div>\n\t\t\t\t<\/div>\n\t\t\t\t\t<\/div>\n\t\t<\/div>\n\t\t\t\t\t<\/div>\n\t\t<\/section>\n\t\t\t\t<section class=\"elementor-section elementor-inner-section elementor-element elementor-element-19d63118 elementor-section-height-default elementor-section-boxed elementor-section-height-default\" data-id=\"19d63118\" data-element_type=\"section\" data-settings=\"{&quot;background_background&quot;:&quot;classic&quot;}\">\n\t\t\t\t\t\t<div class=\"elementor-container elementor-column-gap-no\">\n\t\t\t\t\t<div class=\"elementor-column elementor-col-100 elementor-top-column elementor-element elementor-element-70418082\" data-id=\"70418082\" data-element_type=\"column\">\n\t\t\t<div class=\"elementor-widget-wrap elementor-element-populated\">\n\t\t\t\t\t\t<div class=\"elementor-element elementor-element-23f40e99 elementor-align-center elementor-widget elementor-widget-button\" data-id=\"23f40e99\" data-element_type=\"widget\" data-settings=\"{&quot;motion_fx_motion_fx_mouse&quot;:&quot;yes&quot;,&quot;motion_fx_tilt_effect&quot;:&quot;yes&quot;,&quot;motion_fx_tilt_speed&quot;:{&quot;unit&quot;:&quot;px&quot;,&quot;size&quot;:2.5,&quot;sizes&quot;:[]}}\" data-widget_type=\"button.default\">\n\t\t\t\t<div class=\"elementor-widget-container\">\n\t\t\t\t\t\t\t\t\t<div class=\"elementor-button-wrapper\">\n\t\t\t\t\t<a class=\"elementor-button elementor-button-link elementor-size-md\" href=\"https:\/\/originalportas.com.br\/porta-corta-fogo-lp\/#form\">\n\t\t\t\t\t\t<span class=\"elementor-button-content-wrapper\">\n\t\t\t\t\t\t\t\t\t<span class=\"elementor-button-text\">CLIQUE PARA SOLICITAR UM OR\u00c7AMENTO<\/span>\n\t\t\t\t\t<\/span>\n\t\t\t\t\t<\/a>\n\t\t\t\t<\/div>\n\t\t\t\t\t\t\t\t<\/div>\n\t\t\t\t<\/div>\n\t\t\t\t\t<\/div>\n\t\t<\/div>\n\t\t\t\t\t<\/div>\n\t\t<\/section>\n\t\t\t\t\t<\/div>\n\t\t<\/div>\n\t\t\t\t\t<\/div>\n\t\t<\/section>\n\t\t\t\t<section class=\"elementor-section elementor-top-section elementor-element elementor-element-151fc891 elementor-section-boxed elementor-section-height-default elementor-section-height-default\" data-id=\"151fc891\" data-element_type=\"section\" data-settings=\"{&quot;background_background&quot;:&quot;classic&quot;}\">\n\t\t\t\t\t\t<div class=\"elementor-container elementor-column-gap-default\">\n\t\t\t\t\t<div class=\"elementor-column elementor-col-100 elementor-top-column elementor-element elementor-element-214ee19\" data-id=\"214ee19\" data-element_type=\"column\">\n\t\t\t<div class=\"elementor-widget-wrap elementor-element-populated\">\n\t\t\t\t\t\t<div class=\"elementor-element elementor-element-750c6997 elementor-widget elementor-widget-heading\" data-id=\"750c6997\" data-element_type=\"widget\" data-widget_type=\"heading.default\">\n\t\t\t\t<div class=\"elementor-widget-container\">\n\t\t\t\t\t<h2 class=\"elementor-heading-title elementor-size-default\">FEEDBACKS<\/h2>\t\t\t\t<\/div>\n\t\t\t\t<\/div>\n\t\t\t\t<div class=\"elementor-element elementor-element-3699142b elementor-arrows-position-outside animated-slow elementor-invisible elementor-widget elementor-widget-image-carousel\" data-id=\"3699142b\" data-element_type=\"widget\" data-settings=\"{&quot;slides_to_show&quot;:&quot;3&quot;,&quot;slides_to_show_mobile&quot;:&quot;1&quot;,&quot;navigation&quot;:&quot;arrows&quot;,&quot;image_spacing_custom&quot;:{&quot;unit&quot;:&quot;px&quot;,&quot;size&quot;:13,&quot;sizes&quot;:[]},&quot;_animation&quot;:&quot;fadeInLeft&quot;,&quot;_animation_delay&quot;:100,&quot;autoplay&quot;:&quot;yes&quot;,&quot;pause_on_hover&quot;:&quot;yes&quot;,&quot;pause_on_interaction&quot;:&quot;yes&quot;,&quot;autoplay_speed&quot;:5000,&quot;infinite&quot;:&quot;yes&quot;,&quot;speed&quot;:500,&quot;image_spacing_custom_tablet&quot;:{&quot;unit&quot;:&quot;px&quot;,&quot;size&quot;:&quot;&quot;,&quot;sizes&quot;:[]}}\" data-widget_type=\"image-carousel.default\">\n\t\t\t\t<div class=\"elementor-widget-container\">\n\t\t\t\t\t\t\t<div class=\"elementor-image-carousel-wrapper swiper\" role=\"region\" aria-roledescription=\"carousel\" aria-label=\"Carrossel de imagens\" dir=\"ltr\">\n\t\t\t<div class=\"elementor-image-carousel swiper-wrapper\" aria-live=\"off\">\n\t\t\t\t\t\t\t\t<div class=\"swiper-slide\" role=\"group\" aria-roledescription=\"slide\" aria-label=\"1 de 3\"><figure class=\"swiper-slide-inner\"><img decoding=\"async\" class=\"swiper-slide-image\" src=\"https:\/\/originalportas.com.br\/porta-corta-fogo-lp\/wp-content\/uploads\/2025\/06\/fb1-728x1024.png\" alt=\"fb1\" \/><\/figure><\/div><div class=\"swiper-slide\" role=\"group\" aria-roledescription=\"slide\" aria-label=\"2 de 3\"><figure class=\"swiper-slide-inner\"><img decoding=\"async\" class=\"swiper-slide-image\" src=\"https:\/\/originalportas.com.br\/porta-corta-fogo-lp\/wp-content\/uploads\/2025\/06\/fb3-728x1024.png\" alt=\"fb3\" \/><\/figure><\/div><div class=\"swiper-slide\" role=\"group\" aria-roledescription=\"slide\" aria-label=\"3 de 3\"><figure class=\"swiper-slide-inner\"><img decoding=\"async\" class=\"swiper-slide-image\" src=\"https:\/\/originalportas.com.br\/porta-corta-fogo-lp\/wp-content\/uploads\/2025\/06\/fb2-728x1024.png\" alt=\"fb2\" \/><\/figure><\/div>\t\t\t<\/div>\n\t\t\t\t\t\t\t\t\t\t\t\t<div class=\"elementor-swiper-button elementor-swiper-button-prev\" role=\"button\" tabindex=\"0\">\n\t\t\t\t\t\t<svg aria-hidden=\"true\" class=\"e-font-icon-svg e-eicon-chevron-left\" viewBox=\"0 0 1000 1000\" xmlns=\"http:\/\/www.w3.org\/2000\/svg\"><path d=\"M646 125C629 125 613 133 604 142L308 442C296 454 292 471 292 487 292 504 296 521 308 533L604 854C617 867 629 875 646 875 663 875 679 871 692 858 704 846 713 829 713 812 713 796 708 779 692 767L438 487 692 225C700 217 708 204 708 187 708 171 704 154 692 142 675 129 663 125 646 125Z\"><\/path><\/svg>\t\t\t\t\t<\/div>\n\t\t\t\t\t<div class=\"elementor-swiper-button elementor-swiper-button-next\" role=\"button\" tabindex=\"0\">\n\t\t\t\t\t\t<svg aria-hidden=\"true\" class=\"e-font-icon-svg e-eicon-chevron-right\" viewBox=\"0 0 1000 1000\" xmlns=\"http:\/\/www.w3.org\/2000\/svg\"><path d=\"M696 533C708 521 713 504 713 487 713 471 708 454 696 446L400 146C388 133 375 125 354 125 338 125 325 129 313 142 300 154 292 171 292 187 292 204 296 221 308 233L563 492 304 771C292 783 288 800 288 817 288 833 296 850 308 863 321 871 338 875 354 875 371 875 388 867 400 854L696 533Z\"><\/path><\/svg>\t\t\t\t\t<\/div>\n\t\t\t\t\n\t\t\t\t\t\t\t\t\t<\/div>\n\t\t\t\t\t\t<\/div>\n\t\t\t\t<\/div>\n\t\t\t\t\t<\/div>\n\t\t<\/div>\n\t\t\t\t\t<\/div>\n\t\t<\/section>\n\t\t<div class=\"elementor-element elementor-element-530ed382 e-flex e-con-boxed e-con e-parent\" data-id=\"530ed382\" data-element_type=\"container\" id=\"form\" data-settings=\"{&quot;background_background&quot;:&quot;classic&quot;}\">\n\t\t\t\t\t<div class=\"e-con-inner\">\n\t\t<div class=\"elementor-element elementor-element-51ea2199 e-con-full e-flex e-con e-child\" data-id=\"51ea2199\" data-element_type=\"container\">\n\t\t\t\t<div class=\"elementor-element elementor-element-2d9911c9 elementor-widget elementor-widget-heading\" data-id=\"2d9911c9\" data-element_type=\"widget\" data-widget_type=\"heading.default\">\n\t\t\t\t<div class=\"elementor-widget-container\">\n\t\t\t\t\t<h2 class=\"elementor-heading-title elementor-size-default\">SOLICITE UM OR\u00c7AMENTO<\/h2>\t\t\t\t<\/div>\n\t\t\t\t<\/div>\n\t\t\t\t<\/div>\n\t\t<div class=\"elementor-element elementor-element-9d7635a e-con-full e-flex e-con e-child\" data-id=\"9d7635a\" data-element_type=\"container\">\n\t\t\t\t<div class=\"elementor-element elementor-element-c71d946 elementor-hidden-mobile elementor-widget elementor-widget-image\" data-id=\"c71d946\" data-element_type=\"widget\" data-widget_type=\"image.default\">\n\t\t\t\t<div class=\"elementor-widget-container\">\n\t\t\t\t\t\t\t\t\t\t\t\t\t\t\t<img loading=\"lazy\" decoding=\"async\" width=\"1126\" height=\"1183\" src=\"https:\/\/originalportas.com.br\/porta-corta-fogo-lp\/wp-content\/uploads\/2025\/06\/porta-form-2.png\" class=\"attachment-full size-full wp-image-224\" alt=\"\" srcset=\"https:\/\/originalportas.com.br\/porta-corta-fogo-lp\/wp-content\/uploads\/2025\/06\/porta-form-2.png 1126w, https:\/\/originalportas.com.br\/porta-corta-fogo-lp\/wp-content\/uploads\/2025\/06\/porta-form-2-286x300.png 286w, https:\/\/originalportas.com.br\/porta-corta-fogo-lp\/wp-content\/uploads\/2025\/06\/porta-form-2-975x1024.png 975w, https:\/\/originalportas.com.br\/porta-corta-fogo-lp\/wp-content\/uploads\/2025\/06\/porta-form-2-768x807.png 768w\" sizes=\"(max-width: 1126px) 100vw, 1126px\" \/>\t\t\t\t\t\t\t\t\t\t\t\t\t\t\t<\/div>\n\t\t\t\t<\/div>\n\t\t\t\t<\/div>\n\t\t<div class=\"elementor-element elementor-element-15de688 e-con-full e-flex e-con e-child\" data-id=\"15de688\" data-element_type=\"container\">\n\t\t\t\t<div class=\"elementor-element elementor-element-7e7675f6 elementor-widget elementor-widget-shortcode\" data-id=\"7e7675f6\" data-element_type=\"widget\" data-widget_type=\"shortcode.default\">\n\t\t\t\t<div class=\"elementor-widget-container\">\n\t\t\t\t\t\t\t<div class=\"elementor-shortcode\"><div id=\"fm_moderno_success\" class=\"form-success form-alert\" style=\"display:none;\"><span class=\"alert-icon\" style=\"background:#21c874;\"><svg width=\"26\" height=\"26\" style=\"vertical-align:middle;\" fill=\"#fff\" viewBox=\"0 0 24 24\"><path d=\"M12 0C5.373 0 0 5.373 0 12c0 6.627 5.373 12 12 12s12-5.373 12-12C24 5.373 18.627 0 12 0zm-1.2 17.6l-5.2-5.2 1.6-1.6 3.6 3.6 6.4-6.4 1.6 1.6-8 8z\"><\/path><\/svg><\/span><span class='alert-text'>Mensagem enviada com sucesso!<\/span><\/div>\r\n  <form class=\"form-container\" id=\"modernForm\" method=\"POST\" autocomplete=\"off\" novalidate>\r\n  <div style=\"width:100%;text-align:center;margin-bottom:28px;\">\r\n    <img decoding=\"async\" src=\"https:\/\/originalportas.com.br\/porta-corta-fogo-lp\/wp-content\/uploads\/2025\/06\/Logomarca-Original-Vertical-RGB-1.png\" alt=\"Logo Original Portas\" style=\"max-width:120px;width:auto;height:auto;display:inline-block;\">\r\n  <\/div>\r\n  <div class=\"input-group\">\r\n    <input type=\"text\" id=\"nome\" name=\"nome\" required placeholder=\" \" \/>\r\n    <label for=\"nome\">Nome<\/label>\r\n  <\/div>\r\n    <div class=\"input-group\">\r\n      <input type=\"email\" id=\"email\" name=\"email\" required placeholder=\" \" \/>\r\n      <label for=\"email\">E-mail<\/label>\r\n    <\/div>\r\n    <div class=\"input-group\">\r\n      <input type=\"tel\" id=\"telefone\" name=\"telefone\" required placeholder=\" \" maxlength=\"20\"\/>\r\n      <label for=\"telefone\">Telefone<\/label>\r\n    <\/div>\r\n    <div class=\"input-group\">\r\n      <select id=\"modelo\" name=\"modelo\" required>\r\n        <option value=\"\" disabled selected hidden><\/option>\r\n        <option>Porta corta fogo de enrolar<\/option>\r\n        <option>Porta corta fogo P240<\/option>\r\n        <option>Porta corta fogo P120<\/option>\r\n        <option>Porta corta fogo P90<\/option>\r\n      <\/select>\r\n      <label for=\"modelo\">Modelo<\/label>\r\n    <\/div>\r\n    <div class=\"input-group\">\r\n      <textarea id=\"observacao\" name=\"observacao\" rows=\"3\" placeholder=\" \"><\/textarea>\r\n      <label for=\"observacao\">Observa\u00e7\u00e3o<\/label>\r\n    <\/div>\r\n    <button type=\"submit\" name=\"fm_enviar\" value=\"1\">Enviar<\/button>\r\n    <a href=\"https:\/\/wa.me\/558003861001\" class=\"whatsapp-btn\" target=\"_blank\" rel=\"noopener\">\r\n      <svg class=\"whatsapp-icon\" viewBox=\"0 0 32 32\"><path d=\"M16.003 6.368c-5.349 0-9.691 4.342-9.691 9.691 0 1.708.45 3.378 1.3 4.846l-1.377 5.035 5.163-1.357c1.434.789 3.059 1.208 4.603 1.208h.005c5.345 0 9.688-4.342 9.688-9.691s-4.343-9.691-9.691-9.691zm0 17.638c-1.373 0-2.737-.355-3.928-1.027l-.282-.163-3.067.806.82-2.952-.184-.302c-.789-1.294-1.207-2.791-1.207-4.319 0-4.479 3.644-8.124 8.123-8.124 2.172 0 4.215.848 5.752 2.388 1.538 1.541 2.386 3.585 2.384 5.755 0 4.479-3.644 8.124-8.125 8.124zm4.443-6.074c-.242-.122-1.43-.703-1.652-.782-.222-.08-.383-.122-.545.123-.161.245-.622.781-.763.941-.14.161-.282.182-.524.06-.242-.122-1.021-.376-1.944-1.197-.719-.643-1.205-1.437-1.346-1.679-.14-.245-.015-.377.107-.498.111-.111.242-.282.364-.422.122-.141.161-.242.242-.403.08-.161.04-.302-.02-.423-.06-.121-.545-1.318-.746-1.805-.196-.471-.398-.407-.545-.415l-.461-.009c-.161 0-.423.06-.646.282-.222.222-.848.828-.848 2.018 0 1.189.87 2.339.992 2.5.122.161 1.712 2.618 4.151 3.568.581.2 1.034.32 1.387.409.583.148 1.113.127 1.531.077.467-.056 1.43-.584 1.634-1.148.202-.565.202-1.048.142-1.148-.06-.101-.222-.161-.463-.282z\"><\/path><\/svg>\r\n      Fale pelo WhatsApp\r\n    <\/a>\r\n  <\/form>\r\n  <\/div>\n\t\t\t\t\t\t<\/div>\n\t\t\t\t<\/div>\n\t\t\t\t<\/div>\n\t\t\t\t\t<\/div>\n\t\t\t\t<\/div>\n\t\t\t\t<section class=\"elementor-section elementor-top-section elementor-element elementor-element-10567991 elementor-section-boxed elementor-section-height-default elementor-section-height-default\" data-id=\"10567991\" data-element_type=\"section\" data-settings=\"{&quot;background_background&quot;:&quot;classic&quot;}\">\n\t\t\t\t\t\t\t<div class=\"elementor-background-overlay\"><\/div>\n\t\t\t\t\t\t\t<div class=\"elementor-container elementor-column-gap-default\">\n\t\t\t\t\t<div class=\"elementor-column elementor-col-100 elementor-top-column elementor-element elementor-element-3cb0c793\" data-id=\"3cb0c793\" data-element_type=\"column\">\n\t\t\t<div class=\"elementor-widget-wrap elementor-element-populated\">\n\t\t\t\t\t\t<div class=\"elementor-element elementor-element-1a978376 elementor-widget elementor-widget-heading\" data-id=\"1a978376\" data-element_type=\"widget\" data-widget_type=\"heading.default\">\n\t\t\t\t<div class=\"elementor-widget-container\">\n\t\t\t\t\t<h2 class=\"elementor-heading-title elementor-size-default\">NOSSOS DIFERENCIAIS<\/h2>\t\t\t\t<\/div>\n\t\t\t\t<\/div>\n\t\t\t\t<section class=\"elementor-section elementor-inner-section elementor-element elementor-element-2de6af28 elementor-section-boxed elementor-section-height-default elementor-section-height-default\" data-id=\"2de6af28\" data-element_type=\"section\">\n\t\t\t\t\t\t<div class=\"elementor-container elementor-column-gap-default\">\n\t\t\t\t\t<div class=\"elementor-column elementor-col-33 elementor-inner-column elementor-element elementor-element-2fd01048\" data-id=\"2fd01048\" data-element_type=\"column\">\n\t\t\t<div class=\"elementor-widget-wrap elementor-element-populated\">\n\t\t\t\t\t\t<div class=\"elementor-element elementor-element-5dcb4039 elementor-widget elementor-widget-image\" data-id=\"5dcb4039\" data-element_type=\"widget\" data-widget_type=\"image.default\">\n\t\t\t\t<div class=\"elementor-widget-container\">\n\t\t\t\t\t\t\t\t\t\t\t\t\t\t\t<img loading=\"lazy\" decoding=\"async\" width=\"701\" height=\"702\" src=\"https:\/\/originalportas.com.br\/porta-corta-fogo-lp\/wp-content\/uploads\/2025\/06\/dif1.png\" class=\"attachment-full size-full wp-image-245\" alt=\"\" srcset=\"https:\/\/originalportas.com.br\/porta-corta-fogo-lp\/wp-content\/uploads\/2025\/06\/dif1.png 701w, https:\/\/originalportas.com.br\/porta-corta-fogo-lp\/wp-content\/uploads\/2025\/06\/dif1-300x300.png 300w, https:\/\/originalportas.com.br\/porta-corta-fogo-lp\/wp-content\/uploads\/2025\/06\/dif1-150x150.png 150w\" sizes=\"(max-width: 701px) 100vw, 701px\" \/>\t\t\t\t\t\t\t\t\t\t\t\t\t\t\t<\/div>\n\t\t\t\t<\/div>\n\t\t\t\t<div class=\"elementor-element elementor-element-3450fdeb elementor-widget elementor-widget-heading\" data-id=\"3450fdeb\" data-element_type=\"widget\" data-widget_type=\"heading.default\">\n\t\t\t\t<div class=\"elementor-widget-container\">\n\t\t\t\t\t<h2 class=\"elementor-heading-title elementor-size-default\">SUPORTE ESPECIALIZADO<\/h2>\t\t\t\t<\/div>\n\t\t\t\t<\/div>\n\t\t\t\t<div class=\"elementor-element elementor-element-6af66e17 elementor-widget elementor-widget-text-editor\" data-id=\"6af66e17\" data-element_type=\"widget\" data-widget_type=\"text-editor.default\">\n\t\t\t\t<div class=\"elementor-widget-container\">\n\t\t\t\t\t\t\t\t\t<p>Desde o atendimento at\u00e9 o p\u00f3s venda, oferecemos suporte t\u00e9cnico, instala\u00e7\u00e3o profissional e um time pronto para tirar d\u00favidas e oferecer solu\u00e7\u00f5es r\u00e1pidas em todo o Brasil.<\/p>\t\t\t\t\t\t\t\t<\/div>\n\t\t\t\t<\/div>\n\t\t\t\t\t<\/div>\n\t\t<\/div>\n\t\t\t\t<div class=\"elementor-column elementor-col-33 elementor-inner-column elementor-element elementor-element-79a8365c\" data-id=\"79a8365c\" data-element_type=\"column\">\n\t\t\t<div class=\"elementor-widget-wrap elementor-element-populated\">\n\t\t\t\t\t\t<div class=\"elementor-element elementor-element-31e082d0 elementor-widget elementor-widget-image\" data-id=\"31e082d0\" data-element_type=\"widget\" data-widget_type=\"image.default\">\n\t\t\t\t<div class=\"elementor-widget-container\">\n\t\t\t\t\t\t\t\t\t\t\t\t\t\t\t<img loading=\"lazy\" decoding=\"async\" width=\"701\" height=\"702\" src=\"https:\/\/originalportas.com.br\/porta-corta-fogo-lp\/wp-content\/uploads\/2025\/06\/dif3.png\" class=\"attachment-large size-large wp-image-284\" alt=\"\" srcset=\"https:\/\/originalportas.com.br\/porta-corta-fogo-lp\/wp-content\/uploads\/2025\/06\/dif3.png 701w, https:\/\/originalportas.com.br\/porta-corta-fogo-lp\/wp-content\/uploads\/2025\/06\/dif3-300x300.png 300w, https:\/\/originalportas.com.br\/porta-corta-fogo-lp\/wp-content\/uploads\/2025\/06\/dif3-150x150.png 150w\" sizes=\"(max-width: 701px) 100vw, 701px\" \/>\t\t\t\t\t\t\t\t\t\t\t\t\t\t\t<\/div>\n\t\t\t\t<\/div>\n\t\t\t\t<div class=\"elementor-element elementor-element-3913afb5 elementor-widget elementor-widget-heading\" data-id=\"3913afb5\" data-element_type=\"widget\" data-widget_type=\"heading.default\">\n\t\t\t\t<div class=\"elementor-widget-container\">\n\t\t\t\t\t<h2 class=\"elementor-heading-title elementor-size-default\">QUALIDADE CERTIFICADA<\/h2>\t\t\t\t<\/div>\n\t\t\t\t<\/div>\n\t\t\t\t<div class=\"elementor-element elementor-element-7c0203ee elementor-widget elementor-widget-text-editor\" data-id=\"7c0203ee\" data-element_type=\"widget\" data-widget_type=\"text-editor.default\">\n\t\t\t\t<div class=\"elementor-widget-container\">\n\t\t\t\t\t\t\t\t\t<p>Trabalhamos com rigor t\u00e9cnico, utilizando materiais de alta resist\u00eancia e cumprindo todas as normas nacionais e internacionais, como ISO 9001, NBR 11742, entre outras.<\/p>\t\t\t\t\t\t\t\t<\/div>\n\t\t\t\t<\/div>\n\t\t\t\t\t<\/div>\n\t\t<\/div>\n\t\t\t\t<div class=\"elementor-column elementor-col-33 elementor-inner-column elementor-element elementor-element-233173c9\" data-id=\"233173c9\" data-element_type=\"column\">\n\t\t\t<div class=\"elementor-widget-wrap elementor-element-populated\">\n\t\t\t\t\t\t<div class=\"elementor-element elementor-element-4e03cd0 elementor-widget elementor-widget-image\" data-id=\"4e03cd0\" data-element_type=\"widget\" data-widget_type=\"image.default\">\n\t\t\t\t<div class=\"elementor-widget-container\">\n\t\t\t\t\t\t\t\t\t\t\t\t\t\t\t<img loading=\"lazy\" decoding=\"async\" width=\"701\" height=\"702\" src=\"https:\/\/originalportas.com.br\/porta-corta-fogo-lp\/wp-content\/uploads\/2025\/06\/dif2.png\" class=\"attachment-large size-large wp-image-276\" alt=\"\" srcset=\"https:\/\/originalportas.com.br\/porta-corta-fogo-lp\/wp-content\/uploads\/2025\/06\/dif2.png 701w, https:\/\/originalportas.com.br\/porta-corta-fogo-lp\/wp-content\/uploads\/2025\/06\/dif2-300x300.png 300w, https:\/\/originalportas.com.br\/porta-corta-fogo-lp\/wp-content\/uploads\/2025\/06\/dif2-150x150.png 150w\" sizes=\"(max-width: 701px) 100vw, 701px\" \/>\t\t\t\t\t\t\t\t\t\t\t\t\t\t\t<\/div>\n\t\t\t\t<\/div>\n\t\t\t\t<div class=\"elementor-element elementor-element-71bece07 elementor-widget elementor-widget-heading\" data-id=\"71bece07\" data-element_type=\"widget\" data-widget_type=\"heading.default\">\n\t\t\t\t<div class=\"elementor-widget-container\">\n\t\t\t\t\t<h2 class=\"elementor-heading-title elementor-size-default\">PERSONALIZA\u00c7\u00c2O \u00daNICA<\/h2>\t\t\t\t<\/div>\n\t\t\t\t<\/div>\n\t\t\t\t<div class=\"elementor-element elementor-element-71bd2888 elementor-widget elementor-widget-text-editor\" data-id=\"71bd2888\" data-element_type=\"widget\" data-widget_type=\"text-editor.default\">\n\t\t\t\t<div class=\"elementor-widget-container\">\n\t\t\t\t\t\t\t\t\t<p>Cada projeto \u00e9 \u00fanico. Produzimos portas com medidas, acabamentos, cores e funcionalidades espec\u00edficas para se adequar perfeitamente \u00e0 necessidade do seu espa\u00e7o seja industrial, comercial ou t\u00e9cnico.<\/p>\t\t\t\t\t\t\t\t<\/div>\n\t\t\t\t<\/div>\n\t\t\t\t\t<\/div>\n\t\t<\/div>\n\t\t\t\t\t<\/div>\n\t\t<\/section>\n\t\t\t\t<div class=\"elementor-element elementor-element-2fd32439 elementor-align-center elementor-widget elementor-widget-button\" data-id=\"2fd32439\" data-element_type=\"widget\" data-settings=\"{&quot;motion_fx_motion_fx_mouse&quot;:&quot;yes&quot;,&quot;motion_fx_tilt_effect&quot;:&quot;yes&quot;,&quot;motion_fx_tilt_speed&quot;:{&quot;unit&quot;:&quot;px&quot;,&quot;size&quot;:2.5,&quot;sizes&quot;:[]}}\" data-widget_type=\"button.default\">\n\t\t\t\t<div class=\"elementor-widget-container\">\n\t\t\t\t\t\t\t\t\t<div class=\"elementor-button-wrapper\">\n\t\t\t\t\t<a class=\"elementor-button elementor-button-link elementor-size-md\" href=\"https:\/\/originalportas.com.br\/porta-corta-fogo-lp\/#form\">\n\t\t\t\t\t\t<span class=\"elementor-button-content-wrapper\">\n\t\t\t\t\t\t\t\t\t<span class=\"elementor-button-text\">CLIQUE PARA SOLICITAR UM OR\u00c7AMENTO<\/span>\n\t\t\t\t\t<\/span>\n\t\t\t\t\t<\/a>\n\t\t\t\t<\/div>\n\t\t\t\t\t\t\t\t<\/div>\n\t\t\t\t<\/div>\n\t\t\t\t\t<\/div>\n\t\t<\/div>\n\t\t\t\t\t<\/div>\n\t\t<\/section>\n\t\t\t\t<section class=\"elementor-section elementor-top-section elementor-element elementor-element-b6dd612 elementor-section-boxed elementor-section-height-default elementor-section-height-default\" data-id=\"b6dd612\" data-element_type=\"section\" data-settings=\"{&quot;background_background&quot;:&quot;classic&quot;}\">\n\t\t\t\t\t\t\t<div class=\"elementor-background-overlay\"><\/div>\n\t\t\t\t\t\t\t<div class=\"elementor-container elementor-column-gap-default\">\n\t\t\t\t\t<div class=\"elementor-column elementor-col-50 elementor-top-column elementor-element elementor-element-397493f4\" data-id=\"397493f4\" data-element_type=\"column\">\n\t\t\t<div class=\"elementor-widget-wrap elementor-element-populated\">\n\t\t\t\t\t\t<div class=\"elementor-element elementor-element-77ee899e elementor-widget elementor-widget-image\" data-id=\"77ee899e\" data-element_type=\"widget\" data-widget_type=\"image.default\">\n\t\t\t\t<div class=\"elementor-widget-container\">\n\t\t\t\t\t\t\t\t\t\t\t\t\t\t\t<img loading=\"lazy\" decoding=\"async\" width=\"2560\" height=\"2444\" src=\"https:\/\/originalportas.com.br\/porta-corta-fogo-lp\/wp-content\/uploads\/2025\/06\/SELO-ISO-scaled.png\" class=\"attachment-full size-full wp-image-200\" alt=\"\" srcset=\"https:\/\/originalportas.com.br\/porta-corta-fogo-lp\/wp-content\/uploads\/2025\/06\/SELO-ISO-scaled.png 2560w, https:\/\/originalportas.com.br\/porta-corta-fogo-lp\/wp-content\/uploads\/2025\/06\/SELO-ISO-300x286.png 300w, https:\/\/originalportas.com.br\/porta-corta-fogo-lp\/wp-content\/uploads\/2025\/06\/SELO-ISO-1024x978.png 1024w, https:\/\/originalportas.com.br\/porta-corta-fogo-lp\/wp-content\/uploads\/2025\/06\/SELO-ISO-768x733.png 768w, https:\/\/originalportas.com.br\/porta-corta-fogo-lp\/wp-content\/uploads\/2025\/06\/SELO-ISO-1536x1467.png 1536w, https:\/\/originalportas.com.br\/porta-corta-fogo-lp\/wp-content\/uploads\/2025\/06\/SELO-ISO-2048x1955.png 2048w\" sizes=\"(max-width: 2560px) 100vw, 2560px\" \/>\t\t\t\t\t\t\t\t\t\t\t\t\t\t\t<\/div>\n\t\t\t\t<\/div>\n\t\t\t\t\t<\/div>\n\t\t<\/div>\n\t\t\t\t<div class=\"elementor-column elementor-col-50 elementor-top-column elementor-element elementor-element-7cc2364c\" data-id=\"7cc2364c\" data-element_type=\"column\">\n\t\t\t<div class=\"elementor-widget-wrap elementor-element-populated\">\n\t\t\t\t\t\t<div class=\"elementor-element elementor-element-10b3d349 elementor-widget elementor-widget-text-editor\" data-id=\"10b3d349\" data-element_type=\"widget\" data-widget_type=\"text-editor.default\">\n\t\t\t\t<div class=\"elementor-widget-container\">\n\t\t\t\t\t\t\t\t\t<strong>Certifica\u00e7\u00e3o ISO 9001 \u2013 Compromisso com a Qualidade Industrial<\/strong>\n<span style=\"color: #ffffff;\">Somos uma empresa certificada pela ISO 9001, a norma internacional que atesta a excel\u00eancia em sistemas de gest\u00e3o da qualidade. No setor industrial, isso significa processos padronizados, controle rigoroso de produ\u00e7\u00e3o e melhoria cont\u00ednua. A certifica\u00e7\u00e3o refor\u00e7a nosso compromisso com a seguran\u00e7a, efici\u00eancia e entrega de produtos confi\u00e1veis, garantindo que cada etapa atenda aos mais altos padr\u00f5es do mercado.<\/span>\t\t\t\t\t\t\t\t<\/div>\n\t\t\t\t<\/div>\n\t\t\t\t\t<\/div>\n\t\t<\/div>\n\t\t\t\t\t<\/div>\n\t\t<\/section>\n\t\t\t\t<section class=\"elementor-section elementor-top-section elementor-element elementor-element-50b0f3fd elementor-section-boxed elementor-section-height-default elementor-section-height-default\" data-id=\"50b0f3fd\" data-element_type=\"section\" data-settings=\"{&quot;background_background&quot;:&quot;classic&quot;}\">\n\t\t\t\t\t\t\t<div class=\"elementor-background-overlay\"><\/div>\n\t\t\t\t\t\t\t<div class=\"elementor-container elementor-column-gap-default\">\n\t\t\t\t\t<div class=\"elementor-column elementor-col-100 elementor-top-column elementor-element elementor-element-2fb56f6\" data-id=\"2fb56f6\" data-element_type=\"column\">\n\t\t\t<div class=\"elementor-widget-wrap elementor-element-populated\">\n\t\t\t\t\t\t<div class=\"elementor-element elementor-element-3f7c6771 elementor-widget elementor-widget-heading\" data-id=\"3f7c6771\" data-element_type=\"widget\" data-widget_type=\"heading.default\">\n\t\t\t\t<div class=\"elementor-widget-container\">\n\t\t\t\t\t<h2 class=\"elementor-heading-title elementor-size-default\">D\u00daVIDAS FREQUENTES<\/h2>\t\t\t\t<\/div>\n\t\t\t\t<\/div>\n\t\t\t\t<div class=\"elementor-element elementor-element-5f0777e8 elementor-widget elementor-widget-toggle\" data-id=\"5f0777e8\" data-element_type=\"widget\" data-widget_type=\"toggle.default\">\n\t\t\t\t<div class=\"elementor-widget-container\">\n\t\t\t\t\t\t\t<div class=\"elementor-toggle\">\n\t\t\t\t\t\t\t<div class=\"elementor-toggle-item\">\n\t\t\t\t\t<div id=\"elementor-tab-title-1591\" class=\"elementor-tab-title\" data-tab=\"1\" role=\"button\" aria-controls=\"elementor-tab-content-1591\" aria-expanded=\"false\">\n\t\t\t\t\t\t\t\t\t\t\t\t<span class=\"elementor-toggle-icon elementor-toggle-icon-left\" aria-hidden=\"true\">\n\t\t\t\t\t\t\t\t\t\t\t\t\t\t\t<span class=\"elementor-toggle-icon-closed\"><svg class=\"e-font-icon-svg e-fas-caret-right\" viewBox=\"0 0 192 512\" xmlns=\"http:\/\/www.w3.org\/2000\/svg\"><path d=\"M0 384.662V127.338c0-17.818 21.543-26.741 34.142-14.142l128.662 128.662c7.81 7.81 7.81 20.474 0 28.284L34.142 398.804C21.543 411.404 0 402.48 0 384.662z\"><\/path><\/svg><\/span>\n\t\t\t\t\t\t\t\t<span class=\"elementor-toggle-icon-opened\"><svg class=\"elementor-toggle-icon-opened e-font-icon-svg e-fas-caret-up\" viewBox=\"0 0 320 512\" xmlns=\"http:\/\/www.w3.org\/2000\/svg\"><path d=\"M288.662 352H31.338c-17.818 0-26.741-21.543-14.142-34.142l128.662-128.662c7.81-7.81 20.474-7.81 28.284 0l128.662 128.662c12.6 12.599 3.676 34.142-14.142 34.142z\"><\/path><\/svg><\/span>\n\t\t\t\t\t\t\t\t\t\t\t\t\t<\/span>\n\t\t\t\t\t\t\t\t\t\t\t\t<a class=\"elementor-toggle-title\" tabindex=\"0\">Porta corta fogo \u00e9 obrigat\u00f3ria?<\/a>\n\t\t\t\t\t<\/div>\n\n\t\t\t\t\t<div id=\"elementor-tab-content-1591\" class=\"elementor-tab-content elementor-clearfix\" data-tab=\"1\" role=\"region\" aria-labelledby=\"elementor-tab-title-1591\"><div class=\"elementor-accordion-item\"><div id=\"elementor-tab-content-2041\" class=\"elementor-tab-content elementor-clearfix elementor-active\" role=\"tabpanel\" data-tab=\"1\" aria-labelledby=\"elementor-tab-title-2041\"><div class=\"elementor-accordion-item\"><div id=\"elementor-tab-content-2111\" class=\"elementor-tab-content elementor-clearfix elementor-active\" role=\"tabpanel\" data-tab=\"1\" aria-labelledby=\"elementor-tab-title-2111\"><p>Sim. A instala\u00e7\u00e3o \u00e9 obrigat\u00f3ria por lei em edifica\u00e7\u00f5es comerciais, industriais e residenciais com mais de um pavimento, conforme as normas t\u00e9cnicas e o Corpo de Bombeiros.<\/p><\/div><\/div><\/div><\/div><\/div>\n\t\t\t\t<\/div>\n\t\t\t\t\t\t\t<div class=\"elementor-toggle-item\">\n\t\t\t\t\t<div id=\"elementor-tab-title-1592\" class=\"elementor-tab-title\" data-tab=\"2\" role=\"button\" aria-controls=\"elementor-tab-content-1592\" aria-expanded=\"false\">\n\t\t\t\t\t\t\t\t\t\t\t\t<span class=\"elementor-toggle-icon elementor-toggle-icon-left\" aria-hidden=\"true\">\n\t\t\t\t\t\t\t\t\t\t\t\t\t\t\t<span class=\"elementor-toggle-icon-closed\"><svg class=\"e-font-icon-svg e-fas-caret-right\" viewBox=\"0 0 192 512\" xmlns=\"http:\/\/www.w3.org\/2000\/svg\"><path d=\"M0 384.662V127.338c0-17.818 21.543-26.741 34.142-14.142l128.662 128.662c7.81 7.81 7.81 20.474 0 28.284L34.142 398.804C21.543 411.404 0 402.48 0 384.662z\"><\/path><\/svg><\/span>\n\t\t\t\t\t\t\t\t<span class=\"elementor-toggle-icon-opened\"><svg class=\"elementor-toggle-icon-opened e-font-icon-svg e-fas-caret-up\" viewBox=\"0 0 320 512\" xmlns=\"http:\/\/www.w3.org\/2000\/svg\"><path d=\"M288.662 352H31.338c-17.818 0-26.741-21.543-14.142-34.142l128.662-128.662c7.81-7.81 20.474-7.81 28.284 0l128.662 128.662c12.6 12.599 3.676 34.142-14.142 34.142z\"><\/path><\/svg><\/span>\n\t\t\t\t\t\t\t\t\t\t\t\t\t<\/span>\n\t\t\t\t\t\t\t\t\t\t\t\t<a class=\"elementor-toggle-title\" tabindex=\"0\">Qual a diferen\u00e7a entre uma porta comum e uma porta corta fogo?<\/a>\n\t\t\t\t\t<\/div>\n\n\t\t\t\t\t<div id=\"elementor-tab-content-1592\" class=\"elementor-tab-content elementor-clearfix\" data-tab=\"2\" role=\"region\" aria-labelledby=\"elementor-tab-title-1592\"><div class=\"elementor-accordion-item\"><div id=\"elementor-tab-content-2042\" class=\"elementor-tab-content elementor-clearfix elementor-active\" role=\"tabpanel\" data-tab=\"2\" aria-labelledby=\"elementor-tab-title-2042\"><p>A porta corta-fogo \u00e9 constru\u00edda com materiais resistentes ao calor e \u00e0s chamas, projetada para conter o fogo e a fuma\u00e7a por um tempo determinado, garantindo rotas seguras de evacua\u00e7\u00e3o.<\/p><\/div><\/div><\/div>\n\t\t\t\t<\/div>\n\t\t\t\t\t\t\t<div class=\"elementor-toggle-item\">\n\t\t\t\t\t<div id=\"elementor-tab-title-1593\" class=\"elementor-tab-title\" data-tab=\"3\" role=\"button\" aria-controls=\"elementor-tab-content-1593\" aria-expanded=\"false\">\n\t\t\t\t\t\t\t\t\t\t\t\t<span class=\"elementor-toggle-icon elementor-toggle-icon-left\" aria-hidden=\"true\">\n\t\t\t\t\t\t\t\t\t\t\t\t\t\t\t<span class=\"elementor-toggle-icon-closed\"><svg class=\"e-font-icon-svg e-fas-caret-right\" viewBox=\"0 0 192 512\" xmlns=\"http:\/\/www.w3.org\/2000\/svg\"><path d=\"M0 384.662V127.338c0-17.818 21.543-26.741 34.142-14.142l128.662 128.662c7.81 7.81 7.81 20.474 0 28.284L34.142 398.804C21.543 411.404 0 402.48 0 384.662z\"><\/path><\/svg><\/span>\n\t\t\t\t\t\t\t\t<span class=\"elementor-toggle-icon-opened\"><svg class=\"elementor-toggle-icon-opened e-font-icon-svg e-fas-caret-up\" viewBox=\"0 0 320 512\" xmlns=\"http:\/\/www.w3.org\/2000\/svg\"><path d=\"M288.662 352H31.338c-17.818 0-26.741-21.543-14.142-34.142l128.662-128.662c7.81-7.81 20.474-7.81 28.284 0l128.662 128.662c12.6 12.599 3.676 34.142-14.142 34.142z\"><\/path><\/svg><\/span>\n\t\t\t\t\t\t\t\t\t\t\t\t\t<\/span>\n\t\t\t\t\t\t\t\t\t\t\t\t<a class=\"elementor-toggle-title\" tabindex=\"0\">Quanto tempo uma porta corta fogo resiste ao fogo?<\/a>\n\t\t\t\t\t<\/div>\n\n\t\t\t\t\t<div id=\"elementor-tab-content-1593\" class=\"elementor-tab-content elementor-clearfix\" data-tab=\"3\" role=\"region\" aria-labelledby=\"elementor-tab-title-1593\"><div class=\"elementor-accordion-item\"><div id=\"elementor-tab-content-2043\" class=\"elementor-tab-content elementor-clearfix elementor-active\" role=\"tabpanel\" data-tab=\"3\" aria-labelledby=\"elementor-tab-title-2043\"><p>Depende do modelo. As mais comuns resistem entre 60 e 120 minutos, conforme a classifica\u00e7\u00e3o (ex: P-90 e P-120).<\/p><\/div><\/div><\/div>\n\t\t\t\t<\/div>\n\t\t\t\t\t\t\t<div class=\"elementor-toggle-item\">\n\t\t\t\t\t<div id=\"elementor-tab-title-1594\" class=\"elementor-tab-title\" data-tab=\"4\" role=\"button\" aria-controls=\"elementor-tab-content-1594\" aria-expanded=\"false\">\n\t\t\t\t\t\t\t\t\t\t\t\t<span class=\"elementor-toggle-icon elementor-toggle-icon-left\" aria-hidden=\"true\">\n\t\t\t\t\t\t\t\t\t\t\t\t\t\t\t<span class=\"elementor-toggle-icon-closed\"><svg class=\"e-font-icon-svg e-fas-caret-right\" viewBox=\"0 0 192 512\" xmlns=\"http:\/\/www.w3.org\/2000\/svg\"><path d=\"M0 384.662V127.338c0-17.818 21.543-26.741 34.142-14.142l128.662 128.662c7.81 7.81 7.81 20.474 0 28.284L34.142 398.804C21.543 411.404 0 402.48 0 384.662z\"><\/path><\/svg><\/span>\n\t\t\t\t\t\t\t\t<span class=\"elementor-toggle-icon-opened\"><svg class=\"elementor-toggle-icon-opened e-font-icon-svg e-fas-caret-up\" viewBox=\"0 0 320 512\" xmlns=\"http:\/\/www.w3.org\/2000\/svg\"><path d=\"M288.662 352H31.338c-17.818 0-26.741-21.543-14.142-34.142l128.662-128.662c7.81-7.81 20.474-7.81 28.284 0l128.662 128.662c12.6 12.599 3.676 34.142-14.142 34.142z\"><\/path><\/svg><\/span>\n\t\t\t\t\t\t\t\t\t\t\t\t\t<\/span>\n\t\t\t\t\t\t\t\t\t\t\t\t<a class=\"elementor-toggle-title\" tabindex=\"0\">Precisa de manuten\u00e7\u00e3o?<\/a>\n\t\t\t\t\t<\/div>\n\n\t\t\t\t\t<div id=\"elementor-tab-content-1594\" class=\"elementor-tab-content elementor-clearfix\" data-tab=\"4\" role=\"region\" aria-labelledby=\"elementor-tab-title-1594\"><p>Sim. Manuten\u00e7\u00f5es peri\u00f3dicas s\u00e3o obrigat\u00f3rias para garantir o funcionamento correto da porta, principalmente as dobradi\u00e7as, fechaduras e o sistema de fechamento autom\u00e1tico.<\/p><\/div>\n\t\t\t\t<\/div>\n\t\t\t\t\t\t\t<div class=\"elementor-toggle-item\">\n\t\t\t\t\t<div id=\"elementor-tab-title-1595\" class=\"elementor-tab-title\" data-tab=\"5\" role=\"button\" aria-controls=\"elementor-tab-content-1595\" aria-expanded=\"false\">\n\t\t\t\t\t\t\t\t\t\t\t\t<span class=\"elementor-toggle-icon elementor-toggle-icon-left\" aria-hidden=\"true\">\n\t\t\t\t\t\t\t\t\t\t\t\t\t\t\t<span class=\"elementor-toggle-icon-closed\"><svg class=\"e-font-icon-svg e-fas-caret-right\" viewBox=\"0 0 192 512\" xmlns=\"http:\/\/www.w3.org\/2000\/svg\"><path d=\"M0 384.662V127.338c0-17.818 21.543-26.741 34.142-14.142l128.662 128.662c7.81 7.81 7.81 20.474 0 28.284L34.142 398.804C21.543 411.404 0 402.48 0 384.662z\"><\/path><\/svg><\/span>\n\t\t\t\t\t\t\t\t<span class=\"elementor-toggle-icon-opened\"><svg class=\"elementor-toggle-icon-opened e-font-icon-svg e-fas-caret-up\" viewBox=\"0 0 320 512\" xmlns=\"http:\/\/www.w3.org\/2000\/svg\"><path d=\"M288.662 352H31.338c-17.818 0-26.741-21.543-14.142-34.142l128.662-128.662c7.81-7.81 20.474-7.81 28.284 0l128.662 128.662c12.6 12.599 3.676 34.142-14.142 34.142z\"><\/path><\/svg><\/span>\n\t\t\t\t\t\t\t\t\t\t\t\t\t<\/span>\n\t\t\t\t\t\t\t\t\t\t\t\t<a class=\"elementor-toggle-title\" tabindex=\"0\">Pode ser pintada ou customizada?<\/a>\n\t\t\t\t\t<\/div>\n\n\t\t\t\t\t<div id=\"elementor-tab-content-1595\" class=\"elementor-tab-content elementor-clearfix\" data-tab=\"5\" role=\"region\" aria-labelledby=\"elementor-tab-title-1595\"><p>Sim, desde que a pintura seja feita com tinta adequada e n\u00e3o comprometa os elementos de prote\u00e7\u00e3o e veda\u00e7\u00e3o da porta.<\/p><\/div>\n\t\t\t\t<\/div>\n\t\t\t\t\t\t\t<div class=\"elementor-toggle-item\">\n\t\t\t\t\t<div id=\"elementor-tab-title-1596\" class=\"elementor-tab-title\" data-tab=\"6\" role=\"button\" aria-controls=\"elementor-tab-content-1596\" aria-expanded=\"false\">\n\t\t\t\t\t\t\t\t\t\t\t\t<span class=\"elementor-toggle-icon elementor-toggle-icon-left\" aria-hidden=\"true\">\n\t\t\t\t\t\t\t\t\t\t\t\t\t\t\t<span class=\"elementor-toggle-icon-closed\"><svg class=\"e-font-icon-svg e-fas-caret-right\" viewBox=\"0 0 192 512\" xmlns=\"http:\/\/www.w3.org\/2000\/svg\"><path d=\"M0 384.662V127.338c0-17.818 21.543-26.741 34.142-14.142l128.662 128.662c7.81 7.81 7.81 20.474 0 28.284L34.142 398.804C21.543 411.404 0 402.48 0 384.662z\"><\/path><\/svg><\/span>\n\t\t\t\t\t\t\t\t<span class=\"elementor-toggle-icon-opened\"><svg class=\"elementor-toggle-icon-opened e-font-icon-svg e-fas-caret-up\" viewBox=\"0 0 320 512\" xmlns=\"http:\/\/www.w3.org\/2000\/svg\"><path d=\"M288.662 352H31.338c-17.818 0-26.741-21.543-14.142-34.142l128.662-128.662c7.81-7.81 20.474-7.81 28.284 0l128.662 128.662c12.6 12.599 3.676 34.142-14.142 34.142z\"><\/path><\/svg><\/span>\n\t\t\t\t\t\t\t\t\t\t\t\t\t<\/span>\n\t\t\t\t\t\t\t\t\t\t\t\t<a class=\"elementor-toggle-title\" tabindex=\"0\">Quem pode instalar uma porta corta fogo?<\/a>\n\t\t\t\t\t<\/div>\n\n\t\t\t\t\t<div id=\"elementor-tab-content-1596\" class=\"elementor-tab-content elementor-clearfix\" data-tab=\"6\" role=\"region\" aria-labelledby=\"elementor-tab-title-1596\"><p>A instala\u00e7\u00e3o deve ser feita por empresas ou profissionais especializados, seguindo as normas da ABNT, garantindo a efic\u00e1cia e a certifica\u00e7\u00e3o.<\/p><\/div>\n\t\t\t\t<\/div>\n\t\t\t\t\t\t\t\t<\/div>\n\t\t\t\t\t\t<\/div>\n\t\t\t\t<\/div>\n\t\t\t\t<div class=\"elementor-element elementor-element-cdc064 elementor-align-center elementor-widget elementor-widget-button\" data-id=\"cdc064\" data-element_type=\"widget\" data-settings=\"{&quot;motion_fx_motion_fx_mouse&quot;:&quot;yes&quot;,&quot;motion_fx_tilt_effect&quot;:&quot;yes&quot;,&quot;motion_fx_tilt_speed&quot;:{&quot;unit&quot;:&quot;px&quot;,&quot;size&quot;:2.5,&quot;sizes&quot;:[]}}\" data-widget_type=\"button.default\">\n\t\t\t\t<div class=\"elementor-widget-container\">\n\t\t\t\t\t\t\t\t\t<div class=\"elementor-button-wrapper\">\n\t\t\t\t\t<a class=\"elementor-button elementor-button-link elementor-size-md\" href=\"https:\/\/originalportas.com.br\/porta-corta-fogo-lp\/#form\">\n\t\t\t\t\t\t<span class=\"elementor-button-content-wrapper\">\n\t\t\t\t\t\t\t\t\t<span class=\"elementor-button-text\">CLIQUE PARA SOLICITAR UM OR\u00c7AMENTO<\/span>\n\t\t\t\t\t<\/span>\n\t\t\t\t\t<\/a>\n\t\t\t\t<\/div>\n\t\t\t\t\t\t\t\t<\/div>\n\t\t\t\t<\/div>\n\t\t\t\t\t<\/div>\n\t\t<\/div>\n\t\t\t\t\t<\/div>\n\t\t<\/section>\n\t\t\t\t<section class=\"elementor-section elementor-top-section elementor-element elementor-element-2456107c elementor-section-boxed elementor-section-height-default elementor-section-height-default\" data-id=\"2456107c\" data-element_type=\"section\" data-settings=\"{&quot;background_background&quot;:&quot;classic&quot;}\">\n\t\t\t\t\t\t\t<div class=\"elementor-background-overlay\"><\/div>\n\t\t\t\t\t\t\t<div class=\"elementor-container elementor-column-gap-default\">\n\t\t\t\t\t<div class=\"elementor-column elementor-col-100 elementor-top-column elementor-element elementor-element-799a0305\" data-id=\"799a0305\" data-element_type=\"column\">\n\t\t\t<div class=\"elementor-widget-wrap elementor-element-populated\">\n\t\t\t\t\t\t<section class=\"elementor-section elementor-inner-section elementor-element elementor-element-45da35d9 elementor-section-boxed elementor-section-height-default elementor-section-height-default\" data-id=\"45da35d9\" data-element_type=\"section\">\n\t\t\t\t\t\t<div class=\"elementor-container elementor-column-gap-default\">\n\t\t\t\t\t<div class=\"elementor-column elementor-col-20 elementor-inner-column elementor-element elementor-element-4036b8ee\" data-id=\"4036b8ee\" data-element_type=\"column\">\n\t\t\t<div class=\"elementor-widget-wrap\">\n\t\t\t\t\t\t\t<\/div>\n\t\t<\/div>\n\t\t\t\t<div class=\"elementor-column elementor-col-20 elementor-inner-column elementor-element elementor-element-4554ea37\" data-id=\"4554ea37\" data-element_type=\"column\">\n\t\t\t<div class=\"elementor-widget-wrap elementor-element-populated\">\n\t\t\t\t\t\t<div class=\"elementor-element elementor-element-62121c33 elementor-widget elementor-widget-spacer\" data-id=\"62121c33\" data-element_type=\"widget\" data-widget_type=\"spacer.default\">\n\t\t\t\t<div class=\"elementor-widget-container\">\n\t\t\t\t\t\t\t<div class=\"elementor-spacer\">\n\t\t\t<div class=\"elementor-spacer-inner\"><\/div>\n\t\t<\/div>\n\t\t\t\t\t\t<\/div>\n\t\t\t\t<\/div>\n\t\t\t\t<div class=\"elementor-element elementor-element-7efc8223 elementor-widget elementor-widget-heading\" data-id=\"7efc8223\" data-element_type=\"widget\" data-widget_type=\"heading.default\">\n\t\t\t\t<div class=\"elementor-widget-container\">\n\t\t\t\t\t<h5 class=\"elementor-heading-title elementor-size-default\">SOBRE N\u00d3S<\/h5>\t\t\t\t<\/div>\n\t\t\t\t<\/div>\n\t\t\t\t<div class=\"elementor-element elementor-element-210a4d4f elementor-widget elementor-widget-text-editor\" data-id=\"210a4d4f\" data-element_type=\"widget\" data-widget_type=\"text-editor.default\">\n\t\t\t\t<div class=\"elementor-widget-container\">\n\t\t\t\t\t\t\t\t\t<p>Com mais de 20 anos de atua\u00e7\u00e3o no mercado, a Original Portas se dedica a desenvolver solu\u00e7\u00f5es de seguran\u00e7a e praticidade para ambientes residenciais, comerciais e industriais. Nossos produtos s\u00e3o projetados para atender \u00e0s necessidades de nossos clientes com qualidade, inova\u00e7\u00e3o e confiabilidade.<\/p>\t\t\t\t\t\t\t\t<\/div>\n\t\t\t\t<\/div>\n\t\t\t\t\t<\/div>\n\t\t<\/div>\n\t\t\t\t<div class=\"elementor-column elementor-col-20 elementor-inner-column elementor-element elementor-element-363b3093\" data-id=\"363b3093\" data-element_type=\"column\">\n\t\t\t<div class=\"elementor-widget-wrap\">\n\t\t\t\t\t\t\t<\/div>\n\t\t<\/div>\n\t\t\t\t<div class=\"elementor-column elementor-col-20 elementor-inner-column elementor-element elementor-element-3a8f61a\" data-id=\"3a8f61a\" data-element_type=\"column\">\n\t\t\t<div class=\"elementor-widget-wrap elementor-element-populated\">\n\t\t\t\t\t\t<div class=\"elementor-element elementor-element-166fd30 elementor-widget elementor-widget-spacer\" data-id=\"166fd30\" data-element_type=\"widget\" data-widget_type=\"spacer.default\">\n\t\t\t\t<div class=\"elementor-widget-container\">\n\t\t\t\t\t\t\t<div class=\"elementor-spacer\">\n\t\t\t<div class=\"elementor-spacer-inner\"><\/div>\n\t\t<\/div>\n\t\t\t\t\t\t<\/div>\n\t\t\t\t<\/div>\n\t\t\t\t<div class=\"elementor-element elementor-element-2b540610 elementor-widget elementor-widget-image\" data-id=\"2b540610\" data-element_type=\"widget\" data-widget_type=\"image.default\">\n\t\t\t\t<div class=\"elementor-widget-container\">\n\t\t\t\t\t\t\t\t\t\t\t\t\t\t\t<img loading=\"lazy\" decoding=\"async\" width=\"800\" height=\"534\" src=\"https:\/\/originalportas.com.br\/porta-corta-fogo-lp\/wp-content\/uploads\/2025\/06\/LOGO-NEON-1024x683.png\" class=\"attachment-large size-large wp-image-48\" alt=\"\" srcset=\"https:\/\/originalportas.com.br\/porta-corta-fogo-lp\/wp-content\/uploads\/2025\/06\/LOGO-NEON-1024x683.png 1024w, https:\/\/originalportas.com.br\/porta-corta-fogo-lp\/wp-content\/uploads\/2025\/06\/LOGO-NEON-300x200.png 300w, https:\/\/originalportas.com.br\/porta-corta-fogo-lp\/wp-content\/uploads\/2025\/06\/LOGO-NEON-768x512.png 768w, https:\/\/originalportas.com.br\/porta-corta-fogo-lp\/wp-content\/uploads\/2025\/06\/LOGO-NEON.png 1536w\" sizes=\"(max-width: 800px) 100vw, 800px\" \/>\t\t\t\t\t\t\t\t\t\t\t\t\t\t\t<\/div>\n\t\t\t\t<\/div>\n\t\t\t\t<div class=\"elementor-element elementor-element-6b13cdf0 elementor-align-center elementor-widget elementor-widget-button\" data-id=\"6b13cdf0\" data-element_type=\"widget\" data-settings=\"{&quot;motion_fx_motion_fx_mouse&quot;:&quot;yes&quot;,&quot;motion_fx_tilt_effect&quot;:&quot;yes&quot;,&quot;motion_fx_tilt_speed&quot;:{&quot;unit&quot;:&quot;px&quot;,&quot;size&quot;:2.5,&quot;sizes&quot;:[]}}\" data-widget_type=\"button.default\">\n\t\t\t\t<div class=\"elementor-widget-container\">\n\t\t\t\t\t\t\t\t\t<div class=\"elementor-button-wrapper\">\n\t\t\t\t\t<a class=\"elementor-button elementor-button-link elementor-size-md\" href=\"http:\/\/originalportas.com.br\">\n\t\t\t\t\t\t<span class=\"elementor-button-content-wrapper\">\n\t\t\t\t\t\t\t\t\t<span class=\"elementor-button-text\">CONHE\u00c7A A ORIGINAL PORTAS<\/span>\n\t\t\t\t\t<\/span>\n\t\t\t\t\t<\/a>\n\t\t\t\t<\/div>\n\t\t\t\t\t\t\t\t<\/div>\n\t\t\t\t<\/div>\n\t\t\t\t\t<\/div>\n\t\t<\/div>\n\t\t\t\t<div class=\"elementor-column elementor-col-20 elementor-inner-column elementor-element elementor-element-476a8bff\" data-id=\"476a8bff\" data-element_type=\"column\">\n\t\t\t<div class=\"elementor-widget-wrap\">\n\t\t\t\t\t\t\t<\/div>\n\t\t<\/div>\n\t\t\t\t\t<\/div>\n\t\t<\/section>\n\t\t\t\t\t<\/div>\n\t\t<\/div>\n\t\t\t\t\t<\/div>\n\t\t<\/section>\n\t\t<div class=\"elementor-element elementor-element-28eb6acf e-flex e-con-boxed e-con e-parent\" data-id=\"28eb6acf\" data-element_type=\"container\">\n\t\t\t\t\t<div class=\"e-con-inner\">\n\t\t\t\t<div class=\"elementor-element elementor-element-2da6197e elementor-widget elementor-widget-html\" data-id=\"2da6197e\" data-element_type=\"widget\" data-widget_type=\"html.default\">\n\t\t\t\t<div class=\"elementor-widget-container\">\n\t\t\t\t\t<a href=\"https:\/\/wa.me\/558003861001\" target=\"_blank\" id=\"whatsapp-float-btn\"\r\n   style=\"\r\n      position: fixed;\r\n      bottom: 32px;\r\n      right: 24px;\r\n      z-index: 9999;\r\n      background: #25d366;\r\n      color: #fff;\r\n      padding: 14px 20px;\r\n      border-radius: 32px;\r\n      display: flex;\r\n      align-items: center;\r\n      gap: 8px;\r\n      font-family: Montserrat, Arial, sans-serif;\r\n      font-size: 1.12rem;\r\n      font-weight: 700;\r\n      box-shadow: 0 4px 16px #0002;\r\n      text-decoration: none;\r\n      transition: background 0.2s, opacity 0.2s;\">\r\n  <svg style=\"width:24px;height:24px;fill:#fff\" viewBox=\"0 0 32 32\">\r\n    <path d=\"M16.003 6.368c-5.349 0-9.691 4.342-9.691 9.691 0 1.708.45 3.378 1.3 4.846l-1.377 5.035 5.163-1.357c1.434.789 3.059 1.208 4.603 1.208h.005c5.345 0 9.688-4.342 9.688-9.691s-4.343-9.691-9.691-9.691zm0 17.638c-1.373 0-2.737-.355-3.928-1.027l-.282-.163-3.067.806.82-2.952-.184-.302c-.789-1.294-1.207-2.791-1.207-4.319 0-4.479 3.644-8.124 8.123-8.124 2.172 0 4.215.848 5.752 2.388 1.538 1.541 2.386 3.585 2.384 5.755 0 4.479-3.644 8.124-8.125 8.124zm4.443-6.074c-.242-.122-1.43-.703-1.652-.782-.222-.08-.383-.122-.545.123-.161.245-.622.781-.763.941-.14.161-.282.182-.524.06-.242-.122-1.021-.376-1.944-1.197-.719-.643-1.205-1.437-1.346-1.679-.14-.245-.015-.377.107-.498.111-.111.242-.282.364-.422.122-.141.161-.242.242-.403.08-.161.04-.302-.02-.423-.06-.121-.545-1.318-.746-1.805-.196-.471-.398-.407-.545-.415l-.461-.009c-.161 0-.423.06-.646.282-.222.222-.848.828-.848 2.018 0 1.189.87 2.339.992 2.5.122.161 1.712 2.618 4.151 3.568.581.2 1.034.32 1.387.409.583.148 1.113.127 1.531.077.467-.056 1.43-.584 1.634-1.148.202-.565.202-1.048.142-1.148-.06-.101-.222-.161-.463-.282z\"><\/path>\r\n  <\/svg>\r\n  WhatsApp\r\n<\/a>\r\n<script>\r\ndocument.addEventListener('DOMContentLoaded', function() {\r\n  var btn = document.getElementById('whatsapp-float-btn');\r\n  var formulario = document.querySelector('.form-container');\r\n  if(!btn || !formulario) return;\r\n\r\n  function checkFormVisible() {\r\n    var rect = formulario.getBoundingClientRect();\r\n    var windowHeight = (window.innerHeight || document.documentElement.clientHeight);\r\n    \/\/ Se o topo do formul\u00e1rio est\u00e1 vis\u00edvel na tela\r\n    if(rect.top <= windowHeight && rect.bottom >= 0) {\r\n      btn.style.opacity = '0';\r\n      btn.style.pointerEvents = 'none';\r\n    } else {\r\n      btn.style.opacity = '1';\r\n      btn.style.pointerEvents = 'auto';\r\n    }\r\n  }\r\n\r\n  window.addEventListener('scroll', checkFormVisible);\r\n  window.addEventListener('resize', checkFormVisible);\r\n  checkFormVisible();\r\n});\r\n<\/script>\r\n\t\t\t\t<\/div>\n\t\t\t\t<\/div>\n\t\t\t\t\t<\/div>\n\t\t\t\t<\/div>\n\t\t\t\t<\/div>\n\t\t","protected":false},"excerpt":{"rendered":"<p>A MELHOR PORTA CORTA FOGO DO MERCADO CLIQUE PARA SOLICITAR UM OR\u00c7AMENTO O QUE \u00c9 PORTA CORTA FOGO? A porta corta fogo \u00e9 uma porta especial feita com materiais resistentes ao calor, usada para impedir que o fogo e a fuma\u00e7a se espalhem durante um inc\u00eandio. Ela \u00e9 instalada em rotas de fuga, como escadas [&hellip;]<\/p>\n","protected":false},"author":1,"featured_media":0,"parent":0,"menu_order":0,"comment_status":"open","ping_status":"closed","template":"elementor_canvas","meta":{"footnotes":""},"class_list":["post-309","page","type-page","status-publish","hentry"],"_links":{"self":[{"href":"https:\/\/originalportas.com.br\/porta-corta-fogo-lp\/wp-json\/wp\/v2\/pages\/309","targetHints":{"allow":["GET"]}}],"collection":[{"href":"https:\/\/originalportas.com.br\/porta-corta-fogo-lp\/wp-json\/wp\/v2\/pages"}],"about":[{"href":"https:\/\/originalportas.com.br\/porta-corta-fogo-lp\/wp-json\/wp\/v2\/types\/page"}],"author":[{"embeddable":true,"href":"https:\/\/originalportas.com.br\/porta-corta-fogo-lp\/wp-json\/wp\/v2\/users\/1"}],"replies":[{"embeddable":true,"href":"https:\/\/originalportas.com.br\/porta-corta-fogo-lp\/wp-json\/wp\/v2\/comments?post=309"}],"version-history":[{"count":33,"href":"https:\/\/originalportas.com.br\/porta-corta-fogo-lp\/wp-json\/wp\/v2\/pages\/309\/revisions"}],"predecessor-version":[{"id":415,"href":"https:\/\/originalportas.com.br\/porta-corta-fogo-lp\/wp-json\/wp\/v2\/pages\/309\/revisions\/415"}],"wp:attachment":[{"href":"https:\/\/originalportas.com.br\/porta-corta-fogo-lp\/wp-json\/wp\/v2\/media?parent=309"}],"curies":[{"name":"wp","href":"https:\/\/api.w.org\/{rel}","templated":true}]}}